{"id":7256,"date":"2016-01-20T08:58:05","date_gmt":"2016-01-20T11:58:05","guid":{"rendered":"https:\/\/www.edialog.com.br\/?page_id=7256"},"modified":"2024-06-07T19:00:23","modified_gmt":"2024-06-07T22:00:23","slug":"gerenciamento-de-instagram","status":"publish","type":"page","link":"https:\/\/www.edialog.com.br\/es\/gerenciamento-de-instagram\/","title":{"rendered":"Instagram"},"content":{"rendered":"<div data-elementor-type=\"wp-page\" data-elementor-id=\"7256\" class=\"elementor elementor-7256\" data-elementor-post-type=\"page\">\n\t\t\t\t<div class=\"elementor-element elementor-element-2a4640b0 e-flex e-con-boxed e-con e-parent\" data-id=\"2a4640b0\" data-element_type=\"container\" data-settings=\"{&quot;background_background&quot;:&quot;classic&quot;,&quot;_ha_eqh_enable&quot;:false}\">\n\t\t\t\t\t<div class=\"e-con-inner\">\n\t\t\t\t<div class=\"elementor-element elementor-element-3d60c0d7 elementor-widget elementor-widget-heading\" data-id=\"3d60c0d7\" data-element_type=\"widget\" data-widget_type=\"heading.default\">\n\t\t\t\t<div class=\"elementor-widget-container\">\n\t\t\t\t\t<h1 class=\"elementor-heading-title elementor-size-default\">Gesti\u00f3n de Instagram<\/h1>\t\t\t\t<\/div>\n\t\t\t\t<\/div>\n\t\t\t\t<div class=\"elementor-element elementor-element-10b88b7b ha-has-bg-overlay elementor-widget elementor-widget-text-editor\" data-id=\"10b88b7b\" data-element_type=\"widget\" data-widget_type=\"text-editor.default\">\n\t\t\t\t<div class=\"elementor-widget-container\">\n\t\t\t\t\t\t\t\t\t<p>O Instagram \u00e9 uma das redes sociais mais famosas no Brasil. Al\u00e9m de ser utilizado para uso pessoal, ele tamb\u00e9m \u00e9 usado por empresas na divulga\u00e7\u00e3o de servi\u00e7os ou produtos e como um canal de comunica\u00e7\u00e3o com clientes. A E-Dialog \u00e9 uma\u00a0<a title=\"agencia de medios sociales\" href=\"https:\/\/www.edialog.com.br\/es\/\">agencia de medios sociales<\/a>\u00a0especializada em\u00a0gerenciamento de Instagram\u00a0para empresas. Nosso servi\u00e7o de gest\u00e3o de Instagram atende com excel\u00eancia neg\u00f3cios de todos os segmentos e todos os portes.<\/p>\t\t\t\t\t\t\t\t<\/div>\n\t\t\t\t<\/div>\n\t\t\t\t<div class=\"elementor-element elementor-element-12c21018 elementor-align-left elementor-widget elementor-widget-button\" data-id=\"12c21018\" data-element_type=\"widget\" data-widget_type=\"button.default\">\n\t\t\t\t<div class=\"elementor-widget-container\">\n\t\t\t\t\t\t\t\t\t<div class=\"elementor-button-wrapper\">\n\t\t\t\t\t<a class=\"elementor-button elementor-button-link elementor-size-sm\" href=\"https:\/\/www.edialog.com.br\/es\/dialogo\/\">\n\t\t\t\t\t\t<span class=\"elementor-button-content-wrapper\">\n\t\t\t\t\t\t<span class=\"elementor-button-icon\">\n\t\t\t\t<i aria-hidden=\"true\" class=\"icon icon-right-arrow\"><\/i>\t\t\t<\/span>\n\t\t\t\t\t\t\t\t\t<span class=\"elementor-button-text\">Conhe\u00e7a nossos planos<\/span>\n\t\t\t\t\t<\/span>\n\t\t\t\t\t<\/a>\n\t\t\t\t<\/div>\n\t\t\t\t\t\t\t\t<\/div>\n\t\t\t\t<\/div>\n\t\t\t\t\t<\/div>\n\t\t\t\t<\/div>\n\t\t<div class=\"elementor-element elementor-element-2884d305 e-flex e-con-boxed e-con e-parent\" data-id=\"2884d305\" data-element_type=\"container\" data-settings=\"{&quot;_ha_eqh_enable&quot;:false}\">\n\t\t\t\t\t<div class=\"e-con-inner\">\n\t\t\t\t<div class=\"elementor-element elementor-element-4aa898b1 elementor-widget elementor-widget-heading\" data-id=\"4aa898b1\" data-element_type=\"widget\" data-widget_type=\"heading.default\">\n\t\t\t\t<div class=\"elementor-widget-container\">\n\t\t\t\t\t<h2 class=\"elementor-heading-title elementor-size-default\">Principais Atividades na Gest\u00e3o de Instagram<\/h2>\t\t\t\t<\/div>\n\t\t\t\t<\/div>\n\t\t\t\t\t<\/div>\n\t\t\t\t<\/div>\n\t\t<div class=\"elementor-element elementor-element-7ef38a5d e-flex e-con-boxed e-con e-parent\" data-id=\"7ef38a5d\" data-element_type=\"container\" data-settings=\"{&quot;_ha_eqh_enable&quot;:false}\">\n\t\t\t\t\t<div class=\"e-con-inner\">\n\t\t<div class=\"elementor-element elementor-element-6b9f0933 e-con-full e-flex e-con e-child\" data-id=\"6b9f0933\" data-element_type=\"container\" data-settings=\"{&quot;background_background&quot;:&quot;classic&quot;,&quot;_ha_eqh_enable&quot;:false}\">\n\t\t\t\t<div class=\"elementor-element elementor-element-cdc4308 elementor-view-default elementor-position-top elementor-mobile-position-top elementor-widget elementor-widget-icon-box\" data-id=\"cdc4308\" data-element_type=\"widget\" data-widget_type=\"icon-box.default\">\n\t\t\t\t<div class=\"elementor-widget-container\">\n\t\t\t\t\t\t\t<div class=\"elementor-icon-box-wrapper\">\n\n\t\t\t\t\t\t<div class=\"elementor-icon-box-icon\">\n\t\t\t\t<span  class=\"elementor-icon\">\n\t\t\t\t<i aria-hidden=\"true\" class=\"far fa-edit\"><\/i>\t\t\t\t<\/span>\n\t\t\t<\/div>\n\t\t\t\n\t\t\t\t\t\t<div class=\"elementor-icon-box-content\">\n\n\t\t\t\t\t\t\t\t\t<h3 class=\"elementor-icon-box-title\">\n\t\t\t\t\t\t<span  >\n\t\t\t\t\t\t\tPerfil de Neg\u00f3cios\t\t\t\t\t\t<\/span>\n\t\t\t\t\t<\/h3>\n\t\t\t\t\n\t\t\t\t\t\t\t\t\t<p class=\"elementor-icon-box-description\">\n\t\t\t\t\t\tO primeiro passo no gerenciamento de Instagram \u00e9 a migra\u00e7\u00e3o ou cria\u00e7\u00e3o de um perfil de neg\u00f3cio. Com esse perfil \u00e9 poss\u00edvel acessar dados e ferramentas exclusivas. Nele \u00e9 poss\u00edvel adicionar informa\u00e7\u00f5es comerciais como telefone, e-mail e endere\u00e7o; acompanhar m\u00e9tricas e indicadores de performance como seguidores, visualiza\u00e7\u00f5es, curtidas e coment\u00e1rios; e criar an\u00fancios patrocinados.\t\t\t\t\t<\/p>\n\t\t\t\t\n\t\t\t<\/div>\n\t\t\t\n\t\t<\/div>\n\t\t\t\t\t\t<\/div>\n\t\t\t\t<\/div>\n\t\t\t\t<\/div>\n\t\t<div class=\"elementor-element elementor-element-558c0731 e-con-full e-flex e-con e-child\" data-id=\"558c0731\" data-element_type=\"container\" data-settings=\"{&quot;background_background&quot;:&quot;classic&quot;,&quot;_ha_eqh_enable&quot;:false}\">\n\t\t\t\t<div class=\"elementor-element elementor-element-2ae327ae elementor-view-default elementor-position-top elementor-mobile-position-top elementor-widget elementor-widget-icon-box\" data-id=\"2ae327ae\" data-element_type=\"widget\" data-widget_type=\"icon-box.default\">\n\t\t\t\t<div class=\"elementor-widget-container\">\n\t\t\t\t\t\t\t<div class=\"elementor-icon-box-wrapper\">\n\n\t\t\t\t\t\t<div class=\"elementor-icon-box-icon\">\n\t\t\t\t<span  class=\"elementor-icon\">\n\t\t\t\t<i aria-hidden=\"true\" class=\"fas fa-pen-fancy\"><\/i>\t\t\t\t<\/span>\n\t\t\t<\/div>\n\t\t\t\n\t\t\t\t\t\t<div class=\"elementor-icon-box-content\">\n\n\t\t\t\t\t\t\t\t\t<h3 class=\"elementor-icon-box-title\">\n\t\t\t\t\t\t<span  >\n\t\t\t\t\t\t\tCria\u00e7\u00e3o de Conte\u00fado\t\t\t\t\t\t<\/span>\n\t\t\t\t\t<\/h3>\n\t\t\t\t\n\t\t\t\t\t\t\t\t\t<p class=\"elementor-icon-box-description\">\n\t\t\t\t\t\tA cria\u00e7\u00e3o de conte\u00fado \u00e9 uma das etapas mais importantes no gerenciamento de Instagram de uma empresa. De acordo com o planejamento realizado no in\u00edcio de cada projeto, a equipe da E-Dialog (formada por analistas, redatores e designers) cria conte\u00fados originais e de qualidade, em diferentes formatos, que podem ser compartilhados nas diversas ferramentas da plataforma, como o feed de not\u00edcias, Instagram Stories ou Reels.\t\t\t\t\t<\/p>\n\t\t\t\t\n\t\t\t<\/div>\n\t\t\t\n\t\t<\/div>\n\t\t\t\t\t\t<\/div>\n\t\t\t\t<\/div>\n\t\t\t\t<\/div>\n\t\t<div class=\"elementor-element elementor-element-73541579 e-con-full e-flex e-con e-child\" data-id=\"73541579\" data-element_type=\"container\" data-settings=\"{&quot;background_background&quot;:&quot;classic&quot;,&quot;_ha_eqh_enable&quot;:false}\">\n\t\t\t\t<div class=\"elementor-element elementor-element-382cb3ed elementor-widget__width-initial elementor-view-default elementor-position-top elementor-mobile-position-top elementor-widget elementor-widget-icon-box\" data-id=\"382cb3ed\" data-element_type=\"widget\" data-widget_type=\"icon-box.default\">\n\t\t\t\t<div class=\"elementor-widget-container\">\n\t\t\t\t\t\t\t<div class=\"elementor-icon-box-wrapper\">\n\n\t\t\t\t\t\t<div class=\"elementor-icon-box-icon\">\n\t\t\t\t<span  class=\"elementor-icon\">\n\t\t\t\t<i aria-hidden=\"true\" class=\"fas fa-bullseye\"><\/i>\t\t\t\t<\/span>\n\t\t\t<\/div>\n\t\t\t\n\t\t\t\t\t\t<div class=\"elementor-icon-box-content\">\n\n\t\t\t\t\t\t\t\t\t<h3 class=\"elementor-icon-box-title\">\n\t\t\t\t\t\t<span  >\n\t\t\t\t\t\t\tAn\u00fancios e Campanhas\t\t\t\t\t\t<\/span>\n\t\t\t\t\t<\/h3>\n\t\t\t\t\n\t\t\t\t\t\t\t\t\t<p class=\"elementor-icon-box-description\">\n\t\t\t\t\t\tOs an\u00fancios s\u00e3o de extrema import\u00e2ncia para uma estrat\u00e9gia completa e eficiente. Eles s\u00e3o estrategicamente segmentados para usu\u00e1rios qualificados no Instagram, ampliando o alcance da sua empresa e maximizando seus objetivos nas redes sociais, seja aumentar o engajamento, conquistar novos seguidores ou vender mais pelo Instagram.\t\t\t\t\t<\/p>\n\t\t\t\t\n\t\t\t<\/div>\n\t\t\t\n\t\t<\/div>\n\t\t\t\t\t\t<\/div>\n\t\t\t\t<\/div>\n\t\t\t\t<\/div>\n\t\t<div class=\"elementor-element elementor-element-76f3465a e-con-full e-flex e-con e-child\" data-id=\"76f3465a\" data-element_type=\"container\" data-settings=\"{&quot;background_background&quot;:&quot;classic&quot;,&quot;_ha_eqh_enable&quot;:false}\">\n\t\t\t\t<div class=\"elementor-element elementor-element-3a14c22 elementor-view-default elementor-position-top elementor-mobile-position-top elementor-widget elementor-widget-icon-box\" data-id=\"3a14c22\" data-element_type=\"widget\" data-widget_type=\"icon-box.default\">\n\t\t\t\t<div class=\"elementor-widget-container\">\n\t\t\t\t\t\t\t<div class=\"elementor-icon-box-wrapper\">\n\n\t\t\t\t\t\t<div class=\"elementor-icon-box-icon\">\n\t\t\t\t<span  class=\"elementor-icon\">\n\t\t\t\t<i aria-hidden=\"true\" class=\"fas fa-comments\"><\/i>\t\t\t\t<\/span>\n\t\t\t<\/div>\n\t\t\t\n\t\t\t\t\t\t<div class=\"elementor-icon-box-content\">\n\n\t\t\t\t\t\t\t\t\t<h3 class=\"elementor-icon-box-title\">\n\t\t\t\t\t\t<span  >\n\t\t\t\t\t\t\tMonitoramento e SAC 2.0\t\t\t\t\t\t<\/span>\n\t\t\t\t\t<\/h3>\n\t\t\t\t\n\t\t\t\t\t\t\t\t\t<p class=\"elementor-icon-box-description\">\n\t\t\t\t\t\tNa gest\u00e3o de Instagram empresarial, o monitoramento de atividades realizadas e o atendimento a coment\u00e1rios e mensagens de usu\u00e1rios desempenham fun\u00e7\u00f5es essenciais. Na E-Dialog essas atividades s\u00e3o realizadas diariamente pelos nossos analistas, em um procedimento que facilita a comunica\u00e7\u00e3o entre empresa e cliente, sem perder qualidade e simpatia.\n\n\n\t\t\t\t\t<\/p>\n\t\t\t\t\n\t\t\t<\/div>\n\t\t\t\n\t\t<\/div>\n\t\t\t\t\t\t<\/div>\n\t\t\t\t<\/div>\n\t\t\t\t<\/div>\n\t\t\t\t\t<\/div>\n\t\t\t\t<\/div>\n\t\t<div class=\"elementor-element elementor-element-31043dda e-flex e-con-boxed e-con e-parent\" data-id=\"31043dda\" data-element_type=\"container\" data-settings=\"{&quot;_ha_eqh_enable&quot;:false}\">\n\t\t\t\t\t<div class=\"e-con-inner\">\n\t\t\t\t<div class=\"elementor-element elementor-element-29cf03fd elementor-widget elementor-widget-heading\" data-id=\"29cf03fd\" data-element_type=\"widget\" data-widget_type=\"heading.default\">\n\t\t\t\t<div class=\"elementor-widget-container\">\n\t\t\t\t\t<h2 class=\"elementor-heading-title elementor-size-default\">D\u00favidas sobre os nossos planos de gerenciamento de Instagram?<\/h2>\t\t\t\t<\/div>\n\t\t\t\t<\/div>\n\t\t\t\t<div class=\"elementor-element elementor-element-eb8b55d ha-has-bg-overlay elementor-widget elementor-widget-text-editor\" data-id=\"eb8b55d\" data-element_type=\"widget\" data-widget_type=\"text-editor.default\">\n\t\t\t\t<div class=\"elementor-widget-container\">\n\t\t\t\t\t\t\t\t\t<div class=\"et_pb_promo_description\"><p>Entre em contato e tire todas as d\u00favidas sobre os nossos planos de gerenciamento de Instagram. Nossos especialistas ir\u00e3o falar com voc\u00ea!<\/p><\/div>\t\t\t\t\t\t\t\t<\/div>\n\t\t\t\t<\/div>\n\t\t\t\t<div class=\"elementor-element elementor-element-9592b22 elementor-widget elementor-widget-html\" data-id=\"9592b22\" data-element_type=\"widget\" data-widget_type=\"html.default\">\n\t\t\t\t<div class=\"elementor-widget-container\">\n\t\t\t\t\t<div role=\"main\" id=\"formulario-site-fundo-de-funil-91981a986b51bff3866a\"><\/div><script type=\"text\/javascript\" src=\"https:\/\/d335luupugsy2.cloudfront.net\/js\/rdstation-forms\/stable\/rdstation-forms.min.js\"><\/script><script type=\"text\/javascript\"> new RDStationForms('formulario-site-fundo-de-funil-91981a986b51bff3866a', 'UA-18699224-1').createForm();<\/script>\n\t\t\t\t<\/div>\n\t\t\t\t<\/div>\n\t\t\t\t\t<\/div>\n\t\t\t\t<\/div>\n\t\t<div class=\"elementor-element elementor-element-706f031f e-flex e-con-boxed e-con e-parent\" data-id=\"706f031f\" data-element_type=\"container\" data-settings=\"{&quot;_ha_eqh_enable&quot;:false}\">\n\t\t\t\t\t<div class=\"e-con-inner\">\n\t\t\t\t<div class=\"elementor-element elementor-element-2a0a1d62 elementor-widget elementor-widget-heading\" data-id=\"2a0a1d62\" data-element_type=\"widget\" data-widget_type=\"heading.default\">\n\t\t\t\t<div class=\"elementor-widget-container\">\n\t\t\t\t\t<h2 class=\"elementor-heading-title elementor-size-default\">Veja o que nossos clientes dizem<\/h2>\t\t\t\t<\/div>\n\t\t\t\t<\/div>\n\t\t\t\t\t<\/div>\n\t\t\t\t<\/div>\n\t\t\t\t<section class=\"elementor-section elementor-top-section elementor-element elementor-element-3be68498 elementor-section-boxed elementor-section-height-default elementor-section-height-default\" data-id=\"3be68498\" data-element_type=\"section\" data-settings=\"{&quot;_ha_eqh_enable&quot;:false}\">\n\t\t\t\t\t\t<div class=\"elementor-container elementor-column-gap-no\">\n\t\t\t\t\t<div class=\"elementor-column elementor-col-100 elementor-top-column elementor-element elementor-element-5aa4deb8\" data-id=\"5aa4deb8\" data-element_type=\"column\">\n\t\t\t<div class=\"elementor-widget-wrap elementor-element-populated\">\n\t\t\t\t\t\t<section class=\"elementor-section elementor-inner-section elementor-element elementor-element-40edb2de elementor-section-content-middle elementor-section-boxed elementor-section-height-default elementor-section-height-default\" data-id=\"40edb2de\" data-element_type=\"section\" data-settings=\"{&quot;_ha_eqh_enable&quot;:false}\">\n\t\t\t\t\t\t<div class=\"elementor-container elementor-column-gap-wider\">\n\t\t\t\t\t<div class=\"elementor-column elementor-col-50 elementor-inner-column elementor-element elementor-element-2fa6be8\" data-id=\"2fa6be8\" data-element_type=\"column\">\n\t\t\t<div class=\"elementor-widget-wrap elementor-element-populated\">\n\t\t\t\t\t\t<div class=\"elementor-element elementor-element-45435872 elementor-widget elementor-widget-image\" data-id=\"45435872\" data-element_type=\"widget\" data-widget_type=\"image.default\">\n\t\t\t\t<div class=\"elementor-widget-container\">\n\t\t\t\t\t\t\t\t\t\t\t\t\t\t\t<img fetchpriority=\"high\" decoding=\"async\" width=\"800\" height=\"800\" src=\"https:\/\/www.edialog.com.br\/wp-content\/uploads\/2024\/06\/Design-sem-nome2-1024x1024.png\" class=\"attachment-large size-large wp-image-224742\" alt=\"\" srcset=\"https:\/\/www.edialog.com.br\/wp-content\/uploads\/2024\/06\/Design-sem-nome2-1024x1024.png 1024w, https:\/\/www.edialog.com.br\/wp-content\/uploads\/2024\/06\/Design-sem-nome2-300x300.png 300w, https:\/\/www.edialog.com.br\/wp-content\/uploads\/2024\/06\/Design-sem-nome2-150x150.png 150w, https:\/\/www.edialog.com.br\/wp-content\/uploads\/2024\/06\/Design-sem-nome2-768x768.png 768w, https:\/\/www.edialog.com.br\/wp-content\/uploads\/2024\/06\/Design-sem-nome2.png 1080w\" sizes=\"(max-width: 800px) 100vw, 800px\" \/>\t\t\t\t\t\t\t\t\t\t\t\t\t\t\t<\/div>\n\t\t\t\t<\/div>\n\t\t\t\t\t<\/div>\n\t\t<\/div>\n\t\t\t\t<div class=\"elementor-column elementor-col-50 elementor-inner-column elementor-element elementor-element-4c9d1efc\" data-id=\"4c9d1efc\" data-element_type=\"column\">\n\t\t\t<div class=\"elementor-widget-wrap elementor-element-populated\">\n\t\t\t\t\t\t<div class=\"elementor-element elementor-element-26bc2781 ha-has-bg-overlay elementor-widget elementor-widget-text-editor\" data-id=\"26bc2781\" data-element_type=\"widget\" data-widget_type=\"text-editor.default\">\n\t\t\t\t<div class=\"elementor-widget-container\">\n\t\t\t\t\t\t\t\t\t<p>Sou encantada com o comprometimento e dedica\u00e7\u00e3o de voc\u00eas, al\u00e9m de serem focados em resultado, o que \u00e9 um diferencial!<\/p>\t\t\t\t\t\t\t\t<\/div>\n\t\t\t\t<\/div>\n\t\t\t\t<div class=\"elementor-element elementor-element-58b47a31 elementor-widget elementor-widget-heading\" data-id=\"58b47a31\" data-element_type=\"widget\" data-widget_type=\"heading.default\">\n\t\t\t\t<div class=\"elementor-widget-container\">\n\t\t\t\t\t<div class=\"elementor-heading-title elementor-size-default\"><strong>B\u00e1rbara Alves<\/strong>, Propriet\u00e1ria do Procop\u00e3o<\/div>\t\t\t\t<\/div>\n\t\t\t\t<\/div>\n\t\t\t\t\t<\/div>\n\t\t<\/div>\n\t\t\t\t\t<\/div>\n\t\t<\/section>\n\t\t\t\t<section class=\"elementor-section elementor-inner-section elementor-element elementor-element-192b7c05 elementor-section-content-middle elementor-section-boxed elementor-section-height-default elementor-section-height-default\" data-id=\"192b7c05\" data-element_type=\"section\" data-settings=\"{&quot;_ha_eqh_enable&quot;:false}\">\n\t\t\t\t\t\t<div class=\"elementor-container elementor-column-gap-wider\">\n\t\t\t\t\t<div class=\"elementor-column elementor-col-50 elementor-inner-column elementor-element elementor-element-185861a1\" data-id=\"185861a1\" data-element_type=\"column\">\n\t\t\t<div class=\"elementor-widget-wrap elementor-element-populated\">\n\t\t\t\t\t\t<div class=\"elementor-element elementor-element-5cb19db0 elementor-widget elementor-widget-image\" data-id=\"5cb19db0\" data-element_type=\"widget\" data-widget_type=\"image.default\">\n\t\t\t\t<div class=\"elementor-widget-container\">\n\t\t\t\t\t\t\t\t\t\t\t\t\t\t\t<img decoding=\"async\" width=\"800\" height=\"800\" src=\"https:\/\/www.edialog.com.br\/wp-content\/uploads\/2024\/06\/Design-sem-nome-1024x1024.png\" class=\"attachment-large size-large wp-image-224741\" alt=\"\" srcset=\"https:\/\/www.edialog.com.br\/wp-content\/uploads\/2024\/06\/Design-sem-nome-1024x1024.png 1024w, https:\/\/www.edialog.com.br\/wp-content\/uploads\/2024\/06\/Design-sem-nome-300x300.png 300w, https:\/\/www.edialog.com.br\/wp-content\/uploads\/2024\/06\/Design-sem-nome-150x150.png 150w, https:\/\/www.edialog.com.br\/wp-content\/uploads\/2024\/06\/Design-sem-nome-768x768.png 768w, https:\/\/www.edialog.com.br\/wp-content\/uploads\/2024\/06\/Design-sem-nome.png 1080w\" sizes=\"(max-width: 800px) 100vw, 800px\" \/>\t\t\t\t\t\t\t\t\t\t\t\t\t\t\t<\/div>\n\t\t\t\t<\/div>\n\t\t\t\t\t<\/div>\n\t\t<\/div>\n\t\t\t\t<div class=\"elementor-column elementor-col-50 elementor-inner-column elementor-element elementor-element-718cfece\" data-id=\"718cfece\" data-element_type=\"column\">\n\t\t\t<div class=\"elementor-widget-wrap elementor-element-populated\">\n\t\t\t\t\t\t<div class=\"elementor-element elementor-element-518e60d3 ha-has-bg-overlay elementor-widget elementor-widget-text-editor\" data-id=\"518e60d3\" data-element_type=\"widget\" data-widget_type=\"text-editor.default\">\n\t\t\t\t<div class=\"elementor-widget-container\">\n\t\t\t\t\t\t\t\t\t<p>O conjunto de a\u00e7\u00f5es e trabalhos que s\u00e3o executados pela equipe da E-Dialog s\u00e3o muito bem-feitos, de grande qualidade e certamente tem nos trazido um resultado excelente. Essas a\u00e7\u00f5es est\u00e3o sendo assertivas para trazer uma maior visibilidade e relev\u00e2ncia, fazendo com que o Pello Menos ganhe cada vez mais autoridade nos canais online. Tudo isso \u00e9 resultado dessa rela\u00e7\u00e3o que n\u00f3s constru\u00edmos ao longo dos anos; uma rela\u00e7\u00e3o de confian\u00e7a, de parceria, de carinho. \u00c9 uma equipe que nos conhece, que nos entende, que est\u00e1 sempre pronta para nos atender e sempre superando nossas expectativas. \u00c9 uma parceria que nos orgulha demais!<\/p>\t\t\t\t\t\t\t\t<\/div>\n\t\t\t\t<\/div>\n\t\t\t\t<div class=\"elementor-element elementor-element-48dee208 elementor-widget elementor-widget-heading\" data-id=\"48dee208\" data-element_type=\"widget\" data-widget_type=\"heading.default\">\n\t\t\t\t<div class=\"elementor-widget-container\">\n\t\t\t\t\t<div class=\"elementor-heading-title elementor-size-default\"><strong>Deise<\/strong>, Pello Menos<\/div>\t\t\t\t<\/div>\n\t\t\t\t<\/div>\n\t\t\t\t\t<\/div>\n\t\t<\/div>\n\t\t\t\t\t<\/div>\n\t\t<\/section>\n\t\t\t\t<section class=\"elementor-section elementor-inner-section elementor-element elementor-element-df87d3b elementor-section-content-middle elementor-section-boxed elementor-section-height-default elementor-section-height-default\" data-id=\"df87d3b\" data-element_type=\"section\" data-settings=\"{&quot;_ha_eqh_enable&quot;:false}\">\n\t\t\t\t\t\t<div class=\"elementor-container elementor-column-gap-wider\">\n\t\t\t\t\t<div class=\"elementor-column elementor-col-50 elementor-inner-column elementor-element elementor-element-2386c4ae\" data-id=\"2386c4ae\" data-element_type=\"column\">\n\t\t\t<div class=\"elementor-widget-wrap elementor-element-populated\">\n\t\t\t\t\t\t<div class=\"elementor-element elementor-element-2f4749f4 elementor-widget elementor-widget-image\" data-id=\"2f4749f4\" data-element_type=\"widget\" data-widget_type=\"image.default\">\n\t\t\t\t<div class=\"elementor-widget-container\">\n\t\t\t\t\t\t\t\t\t\t\t\t\t\t\t<img decoding=\"async\" width=\"800\" height=\"800\" src=\"https:\/\/www.edialog.com.br\/wp-content\/uploads\/2024\/06\/Avatar-02-1024x1024.png\" class=\"attachment-large size-large wp-image-224739\" alt=\"\" srcset=\"https:\/\/www.edialog.com.br\/wp-content\/uploads\/2024\/06\/Avatar-02-1024x1024.png 1024w, https:\/\/www.edialog.com.br\/wp-content\/uploads\/2024\/06\/Avatar-02-300x300.png 300w, https:\/\/www.edialog.com.br\/wp-content\/uploads\/2024\/06\/Avatar-02-150x150.png 150w, https:\/\/www.edialog.com.br\/wp-content\/uploads\/2024\/06\/Avatar-02-768x768.png 768w, https:\/\/www.edialog.com.br\/wp-content\/uploads\/2024\/06\/Avatar-02.png 1080w\" sizes=\"(max-width: 800px) 100vw, 800px\" \/>\t\t\t\t\t\t\t\t\t\t\t\t\t\t\t<\/div>\n\t\t\t\t<\/div>\n\t\t\t\t\t<\/div>\n\t\t<\/div>\n\t\t\t\t<div class=\"elementor-column elementor-col-50 elementor-inner-column elementor-element elementor-element-3891dda7\" data-id=\"3891dda7\" data-element_type=\"column\">\n\t\t\t<div class=\"elementor-widget-wrap elementor-element-populated\">\n\t\t\t\t\t\t<div class=\"elementor-element elementor-element-403a02ce ha-has-bg-overlay elementor-widget elementor-widget-text-editor\" data-id=\"403a02ce\" data-element_type=\"widget\" data-widget_type=\"text-editor.default\">\n\t\t\t\t<div class=\"elementor-widget-container\">\n\t\t\t\t\t\t\t\t\t<p>Ficamos felizes por todo o trabalho, de fato, pela parceria e por ajudar a fazer com que a WATT consiga um alcance at\u00e9 ent\u00e3o n\u00e3o mensurado. Obrigado a todos que fizeram parte disso. Como est\u00e1 em nossa miss\u00e3o: \u201cFazer parte do sucesso de nossos clientes&#8221;. A E-Dialog n\u00e3o \u00e9 um cliente WATT, mas faz parte de nosso sucesso e, se de alguma forma fazemos parte do de voc\u00eas, estamos no caminho certo.<\/p>\t\t\t\t\t\t\t\t<\/div>\n\t\t\t\t<\/div>\n\t\t\t\t<div class=\"elementor-element elementor-element-3d11f413 elementor-widget elementor-widget-heading\" data-id=\"3d11f413\" data-element_type=\"widget\" data-widget_type=\"heading.default\">\n\t\t\t\t<div class=\"elementor-widget-container\">\n\t\t\t\t\t<div class=\"elementor-heading-title elementor-size-default\"><strong>F\u00e1bio Francisco<\/strong>, S\u00f3cio da WATT<\/div>\t\t\t\t<\/div>\n\t\t\t\t<\/div>\n\t\t\t\t\t<\/div>\n\t\t<\/div>\n\t\t\t\t\t<\/div>\n\t\t<\/section>\n\t\t\t\t\t<\/div>\n\t\t<\/div>\n\t\t\t\t\t<\/div>\n\t\t<\/section>\n\t\t<div class=\"elementor-element elementor-element-638be3bf e-flex e-con-boxed e-con e-parent\" data-id=\"638be3bf\" data-element_type=\"container\" data-settings=\"{&quot;background_background&quot;:&quot;classic&quot;,&quot;_ha_eqh_enable&quot;:false}\">\n\t\t\t\t\t<div class=\"e-con-inner\">\n\t\t\t\t<div class=\"elementor-element elementor-element-26e6d521 elementor-widget elementor-widget-heading\" data-id=\"26e6d521\" data-element_type=\"widget\" data-widget_type=\"heading.default\">\n\t\t\t\t<div class=\"elementor-widget-container\">\n\t\t\t\t\t<h4 class=\"elementor-heading-title elementor-size-default\">Preguntas frecuentes<\/h4>\t\t\t\t<\/div>\n\t\t\t\t<\/div>\n\t\t\t\t<div class=\"elementor-element elementor-element-25071316 elementor-widget elementor-widget-spacer\" data-id=\"25071316\" data-element_type=\"widget\" data-widget_type=\"spacer.default\">\n\t\t\t\t<div class=\"elementor-widget-container\">\n\t\t\t\t\t\t\t<div class=\"elementor-spacer\">\n\t\t\t<div class=\"elementor-spacer-inner\"><\/div>\n\t\t<\/div>\n\t\t\t\t\t\t<\/div>\n\t\t\t\t<\/div>\n\t\t\t\t<div class=\"elementor-element elementor-element-7d80f88e elementor-widget elementor-widget-heading\" data-id=\"7d80f88e\" data-element_type=\"widget\" data-widget_type=\"heading.default\">\n\t\t\t\t<div class=\"elementor-widget-container\">\n\t\t\t\t\t<h3 class=\"elementor-heading-title elementor-size-default\">Vale a pena minha empresa investir na gest\u00e3o de Instagram?<\/h3>\t\t\t\t<\/div>\n\t\t\t\t<\/div>\n\t\t\t\t<div class=\"elementor-element elementor-element-4c2e5a8b ha-has-bg-overlay elementor-widget elementor-widget-text-editor\" data-id=\"4c2e5a8b\" data-element_type=\"widget\" data-widget_type=\"text-editor.default\">\n\t\t\t\t<div class=\"elementor-widget-container\">\n\t\t\t\t\t\t\t\t\t<p>Sim! Hoje o Instagram j\u00e1 conta com mais de 2 bilh\u00f5es de usu\u00e1rios ativos por m\u00eas, sendo o Brasil o 2\u00ba pa\u00eds com mais usu\u00e1rios. Al\u00e9m disso, 68% dos usu\u00e1rios j\u00e1 compraram algum produto ou servi\u00e7o que descobriram no Instagram. A rede social disponibiliza uma grande quantidade de ferramentas e recursos para compartilhamento de conte\u00fado: Feed, Stories, Reels, Instagram Shopping, entre outros. Com uma boa estrat\u00e9gia de gerenciamento de Instagram, o retorno \u00e9 certo.<\/p>\t\t\t\t\t\t\t\t<\/div>\n\t\t\t\t<\/div>\n\t\t\t\t<div class=\"elementor-element elementor-element-7c820ecb elementor-widget-divider--view-line elementor-widget elementor-widget-divider\" data-id=\"7c820ecb\" data-element_type=\"widget\" data-widget_type=\"divider.default\">\n\t\t\t\t<div class=\"elementor-widget-container\">\n\t\t\t\t\t\t\t<div class=\"elementor-divider\">\n\t\t\t<span class=\"elementor-divider-separator\">\n\t\t\t\t\t\t<\/span>\n\t\t<\/div>\n\t\t\t\t\t\t<\/div>\n\t\t\t\t<\/div>\n\t\t\t\t<div class=\"elementor-element elementor-element-7a6f51ba elementor-widget elementor-widget-heading\" data-id=\"7a6f51ba\" data-element_type=\"widget\" data-widget_type=\"heading.default\">\n\t\t\t\t<div class=\"elementor-widget-container\">\n\t\t\t\t\t<h3 class=\"elementor-heading-title elementor-size-default\">Posso contratar mais an\u00fancios al\u00e9m do disponibilizado no plano escolhido?<\/h3>\t\t\t\t<\/div>\n\t\t\t\t<\/div>\n\t\t\t\t<div class=\"elementor-element elementor-element-18c14549 ha-has-bg-overlay elementor-widget elementor-widget-text-editor\" data-id=\"18c14549\" data-element_type=\"widget\" data-widget_type=\"text-editor.default\">\n\t\t\t\t<div class=\"elementor-widget-container\">\n\t\t\t\t\t\t\t\t\t<div class=\"et_pb_module et_pb_toggle et_pb_toggle_1 et_pb_toggle_item  et_pb_toggle_open\"><div class=\"et_pb_toggle_content clearfix\"><p>Sim. Todos os nossos planos possuem uma sugest\u00e3o de valor. Essa sugest\u00e3o \u00e9 o valor m\u00ednimo. Ela pode ser aumentado como e quando desejar.<\/p><\/div><\/div>\t\t\t\t\t\t\t\t<\/div>\n\t\t\t\t<\/div>\n\t\t\t\t<div class=\"elementor-element elementor-element-35b221c9 elementor-widget-divider--view-line elementor-widget elementor-widget-divider\" data-id=\"35b221c9\" data-element_type=\"widget\" data-widget_type=\"divider.default\">\n\t\t\t\t<div class=\"elementor-widget-container\">\n\t\t\t\t\t\t\t<div class=\"elementor-divider\">\n\t\t\t<span class=\"elementor-divider-separator\">\n\t\t\t\t\t\t<\/span>\n\t\t<\/div>\n\t\t\t\t\t\t<\/div>\n\t\t\t\t<\/div>\n\t\t\t\t<div class=\"elementor-element elementor-element-74f55a3e elementor-widget elementor-widget-heading\" data-id=\"74f55a3e\" data-element_type=\"widget\" data-widget_type=\"heading.default\">\n\t\t\t\t<div class=\"elementor-widget-container\">\n\t\t\t\t\t<h3 class=\"elementor-heading-title elementor-size-default\">Qual a dura\u00e7\u00e3o do contrato de gerenciamento de Instagram?<\/h3>\t\t\t\t<\/div>\n\t\t\t\t<\/div>\n\t\t\t\t<div class=\"elementor-element elementor-element-157ee467 ha-has-bg-overlay elementor-widget elementor-widget-text-editor\" data-id=\"157ee467\" data-element_type=\"widget\" data-widget_type=\"text-editor.default\">\n\t\t\t\t<div class=\"elementor-widget-container\">\n\t\t\t\t\t\t\t\t\t<div class=\"et_pb_module et_pb_toggle et_pb_toggle_2 et_pb_toggle_item et_pb_toggle_open\"><div class=\"et_pb_toggle_content clearfix\"><p>O contrato tem dura\u00e7\u00e3o m\u00ednima de 3 meses. A partir desse per\u00edodo, anteced\u00eancia de 30 dias para cancelamento.<\/p><\/div><\/div>\t\t\t\t\t\t\t\t<\/div>\n\t\t\t\t<\/div>\n\t\t\t\t<div class=\"elementor-element elementor-element-617cfeaa elementor-widget-divider--view-line elementor-widget elementor-widget-divider\" data-id=\"617cfeaa\" data-element_type=\"widget\" data-widget_type=\"divider.default\">\n\t\t\t\t<div class=\"elementor-widget-container\">\n\t\t\t\t\t\t\t<div class=\"elementor-divider\">\n\t\t\t<span class=\"elementor-divider-separator\">\n\t\t\t\t\t\t<\/span>\n\t\t<\/div>\n\t\t\t\t\t\t<\/div>\n\t\t\t\t<\/div>\n\t\t\t\t<div class=\"elementor-element elementor-element-2007cbd6 elementor-widget elementor-widget-heading\" data-id=\"2007cbd6\" data-element_type=\"widget\" data-widget_type=\"heading.default\">\n\t\t\t\t<div class=\"elementor-widget-container\">\n\t\t\t\t\t<h3 class=\"elementor-heading-title elementor-size-default\">Como \u00e9 criado o conte\u00fado?<\/h3>\t\t\t\t<\/div>\n\t\t\t\t<\/div>\n\t\t\t\t<div class=\"elementor-element elementor-element-1bf33ea4 ha-has-bg-overlay elementor-widget elementor-widget-text-editor\" data-id=\"1bf33ea4\" data-element_type=\"widget\" data-widget_type=\"text-editor.default\">\n\t\t\t\t<div class=\"elementor-widget-container\">\n\t\t\t\t\t\t\t\t\t<div class=\"et_pb_module et_pb_toggle et_pb_toggle_2 et_pb_toggle_item et_pb_toggle_open\"><div class=\"et_pb_toggle_content clearfix\"><p>A E-Dialog cria conte\u00fado original, em diferentes formatos (textos, imagens, videos, gifs\u2026), e envia para a aprova\u00e7\u00e3o da empresa. Os posts s\u00e3o criados semanalmente.<\/p><\/div><\/div>\t\t\t\t\t\t\t\t<\/div>\n\t\t\t\t<\/div>\n\t\t\t\t\t<\/div>\n\t\t\t\t<\/div>\n\t\t<div class=\"elementor-element elementor-element-4bb36dac e-flex e-con-boxed e-con e-parent\" data-id=\"4bb36dac\" data-element_type=\"container\" data-settings=\"{&quot;_ha_eqh_enable&quot;:false}\">\n\t\t\t\t\t<div class=\"e-con-inner\">\n\t\t\t\t<div class=\"elementor-element elementor-element-5d6b839f elementor-widget elementor-widget-heading\" data-id=\"5d6b839f\" data-element_type=\"widget\" data-widget_type=\"heading.default\">\n\t\t\t\t<div class=\"elementor-widget-container\">\n\t\t\t\t\t<h2 class=\"elementor-heading-title elementor-size-default\">Quer profissionalizar o Instagram?\n<\/h2>\t\t\t\t<\/div>\n\t\t\t\t<\/div>\n\t\t\t\t<div class=\"elementor-element elementor-element-49eadc23 ha-has-bg-overlay elementor-widget elementor-widget-text-editor\" data-id=\"49eadc23\" data-element_type=\"widget\" data-widget_type=\"text-editor.default\">\n\t\t\t\t<div class=\"elementor-widget-container\">\n\t\t\t\t\t\t\t\t\t<div class=\"et_pb_promo_description\"><div><p>Entre em contato e conhe\u00e7a nossos planos de <a title=\"gesti\u00f3n de redes sociales\" href=\"https:\/\/www.edialog.com.br\/es\/gestao-de-redes-sociais\/\">gesti\u00f3n de redes sociales<\/a> que v\u00e3o potencializar os seus resultados.<\/p><\/div><\/div>\t\t\t\t\t\t\t\t<\/div>\n\t\t\t\t<\/div>\n\t\t\t\t<div class=\"elementor-element elementor-element-6c8fed52 elementor-align-justify elementor-widget__width-initial elementor-widget elementor-widget-button\" data-id=\"6c8fed52\" data-element_type=\"widget\" data-widget_type=\"button.default\">\n\t\t\t\t<div class=\"elementor-widget-container\">\n\t\t\t\t\t\t\t\t\t<div class=\"elementor-button-wrapper\">\n\t\t\t\t\t<a class=\"elementor-button elementor-button-link elementor-size-sm\" href=\"https:\/\/www.edialog.com.br\/es\/dialogo\/\">\n\t\t\t\t\t\t<span class=\"elementor-button-content-wrapper\">\n\t\t\t\t\t\t<span class=\"elementor-button-icon\">\n\t\t\t\t<i aria-hidden=\"true\" class=\"icon icon-right-arrow\"><\/i>\t\t\t<\/span>\n\t\t\t\t\t\t\t\t\t<span class=\"elementor-button-text\">P\u00f3ngase en contacto<\/span>\n\t\t\t\t\t<\/span>\n\t\t\t\t\t<\/a>\n\t\t\t\t<\/div>\n\t\t\t\t\t\t\t\t<\/div>\n\t\t\t\t<\/div>\n\t\t\t\t\t<\/div>\n\t\t\t\t<\/div>\n\t\t\t\t<\/div>","protected":false},"excerpt":{"rendered":"<p>Gerenciamento de Instagram O Instagram \u00e9 uma das redes sociais mais famosas no Brasil. Al\u00e9m de ser utilizado para uso pessoal, ele tamb\u00e9m \u00e9 usado por empresas na divulga\u00e7\u00e3o de servi\u00e7os ou produtos e como um canal de comunica\u00e7\u00e3o com clientes. A E-Dialog \u00e9 uma\u00a0ag\u00eancia de m\u00eddias sociais\u00a0especializada em\u00a0gerenciamento de Instagram\u00a0para empresas. Nosso servi\u00e7o de [&hellip;]<\/p>\n","protected":false},"author":1,"featured_media":0,"parent":0,"menu_order":0,"comment_status":"closed","ping_status":"closed","template":"","meta":{"_acf_changed":false,"content-type":"","footnotes":""},"class_list":["post-7256","page","type-page","status-publish","hentry"],"acf":[],"yoast_head":"<!-- This site is optimized with the Yoast SEO Premium plugin v27.3 (Yoast SEO v27.3) - https:\/\/yoast.com\/product\/yoast-seo-premium-wordpress\/ -->\n<title>Gerenciamento de Instagram | E-Dialog - Ag\u00eancia de M\u00eddias Sociais<\/title>\n<meta name=\"description\" content=\"Gerenciamento de Instagram realizado por ag\u00eancia especializada em m\u00eddias sociais. Conquiste potenciais seguidores e impulsione seu neg\u00f3cio com nossa gest\u00e3o!\" \/>\n<meta name=\"robots\" content=\"index, follow, max-snippet:-1, max-image-preview:large, max-video-preview:-1\" \/>\n<link rel=\"canonical\" href=\"https:\/\/www.edialog.com.br\/es\/gerenciamento-de-instagram\/\" \/>\n<meta property=\"og:locale\" content=\"es_ES\" \/>\n<meta property=\"og:type\" content=\"article\" \/>\n<meta property=\"og:title\" content=\"Instagram\" \/>\n<meta property=\"og:description\" content=\"Gerenciamento de Instagram realizado por ag\u00eancia especializada em m\u00eddias sociais. Conquiste potenciais seguidores e impulsione seu neg\u00f3cio com nossa gest\u00e3o!\" \/>\n<meta property=\"og:url\" content=\"https:\/\/www.edialog.com.br\/es\/gerenciamento-de-instagram\/\" \/>\n<meta property=\"og:site_name\" content=\"Ag\u00eancia de Inbound Marketing | E-Dialog\" \/>\n<meta property=\"article:publisher\" content=\"https:\/\/facebook.com\/edialogcomunicacao\" \/>\n<meta property=\"article:modified_time\" content=\"2024-06-07T22:00:23+00:00\" \/>\n<meta property=\"og:image\" content=\"https:\/\/www.edialog.com.br\/wp-content\/uploads\/2024\/06\/Design-sem-nome2-1024x1024.png\" \/>\n<meta name=\"twitter:label1\" content=\"Tiempo de lectura\" \/>\n\t<meta name=\"twitter:data1\" content=\"5 minutos\" \/>\n<script type=\"application\/ld+json\" class=\"yoast-schema-graph\">{\"@context\":\"https:\\\/\\\/schema.org\",\"@graph\":[{\"@type\":\"WebPage\",\"@id\":\"https:\\\/\\\/www.edialog.com.br\\\/gerenciamento-de-instagram\\\/\",\"url\":\"https:\\\/\\\/www.edialog.com.br\\\/gerenciamento-de-instagram\\\/\",\"name\":\"Gerenciamento de Instagram | E-Dialog - Ag\u00eancia de M\u00eddias Sociais\",\"isPartOf\":{\"@id\":\"https:\\\/\\\/www.edialog.com.br\\\/#website\"},\"primaryImageOfPage\":{\"@id\":\"https:\\\/\\\/www.edialog.com.br\\\/gerenciamento-de-instagram\\\/#primaryimage\"},\"image\":{\"@id\":\"https:\\\/\\\/www.edialog.com.br\\\/gerenciamento-de-instagram\\\/#primaryimage\"},\"thumbnailUrl\":\"https:\\\/\\\/www.edialog.com.br\\\/wp-content\\\/uploads\\\/2024\\\/06\\\/Design-sem-nome2-1024x1024.png\",\"datePublished\":\"2016-01-20T11:58:05+00:00\",\"dateModified\":\"2024-06-07T22:00:23+00:00\",\"description\":\"Gerenciamento de Instagram realizado por ag\u00eancia especializada em m\u00eddias sociais. Conquiste potenciais seguidores e impulsione seu neg\u00f3cio com nossa gest\u00e3o!\",\"breadcrumb\":{\"@id\":\"https:\\\/\\\/www.edialog.com.br\\\/gerenciamento-de-instagram\\\/#breadcrumb\"},\"inLanguage\":\"es\",\"potentialAction\":[{\"@type\":\"ReadAction\",\"target\":[\"https:\\\/\\\/www.edialog.com.br\\\/gerenciamento-de-instagram\\\/\"]}]},{\"@type\":\"ImageObject\",\"inLanguage\":\"es\",\"@id\":\"https:\\\/\\\/www.edialog.com.br\\\/gerenciamento-de-instagram\\\/#primaryimage\",\"url\":\"https:\\\/\\\/www.edialog.com.br\\\/wp-content\\\/uploads\\\/2024\\\/06\\\/Design-sem-nome2-1024x1024.png\",\"contentUrl\":\"https:\\\/\\\/www.edialog.com.br\\\/wp-content\\\/uploads\\\/2024\\\/06\\\/Design-sem-nome2-1024x1024.png\"},{\"@type\":\"BreadcrumbList\",\"@id\":\"https:\\\/\\\/www.edialog.com.br\\\/gerenciamento-de-instagram\\\/#breadcrumb\",\"itemListElement\":[{\"@type\":\"ListItem\",\"position\":1,\"name\":\"Home\",\"item\":\"https:\\\/\\\/www.edialog.com.br\\\/\"},{\"@type\":\"ListItem\",\"position\":2,\"name\":\"Instagram\"}]},{\"@type\":\"WebSite\",\"@id\":\"https:\\\/\\\/www.edialog.com.br\\\/#website\",\"url\":\"https:\\\/\\\/www.edialog.com.br\\\/\",\"name\":\"Ag\u00eancia de Inbound Marketing | E-Dialog\",\"description\":\"Ag\u00eancia de Inbound Marketing premiada com solu\u00e7\u00f5es completas para o seu neg\u00f3cio. Atraia leads, com conte\u00fados \u00fanicos e envolventes. Solicite or\u00e7amento!\",\"publisher\":{\"@id\":\"https:\\\/\\\/www.edialog.com.br\\\/#organization\"},\"potentialAction\":[{\"@type\":\"SearchAction\",\"target\":{\"@type\":\"EntryPoint\",\"urlTemplate\":\"https:\\\/\\\/www.edialog.com.br\\\/?s={search_term_string}\"},\"query-input\":{\"@type\":\"PropertyValueSpecification\",\"valueRequired\":true,\"valueName\":\"search_term_string\"}}],\"inLanguage\":\"es\"},{\"@type\":\"Organization\",\"@id\":\"https:\\\/\\\/www.edialog.com.br\\\/#organization\",\"name\":\"Ag\u00eancia de M\u00eddias Sociais e Marketing Digital | E-Dialog\",\"url\":\"https:\\\/\\\/www.edialog.com.br\\\/\",\"logo\":{\"@type\":\"ImageObject\",\"inLanguage\":\"es\",\"@id\":\"https:\\\/\\\/www.edialog.com.br\\\/#\\\/schema\\\/logo\\\/image\\\/\",\"url\":\"https:\\\/\\\/www.edialog.com.br\\\/wp-content\\\/uploads\\\/2021\\\/09\\\/edialog-logo-case.png\",\"contentUrl\":\"https:\\\/\\\/www.edialog.com.br\\\/wp-content\\\/uploads\\\/2021\\\/09\\\/edialog-logo-case.png\",\"width\":810,\"height\":450,\"caption\":\"Ag\u00eancia de M\u00eddias Sociais e Marketing Digital | E-Dialog\"},\"image\":{\"@id\":\"https:\\\/\\\/www.edialog.com.br\\\/#\\\/schema\\\/logo\\\/image\\\/\"},\"sameAs\":[\"https:\\\/\\\/facebook.com\\\/edialogcomunicacao\",\"https:\\\/\\\/x.com\\\/edialog_br\",\"https:\\\/\\\/www.instagram.com\\\/edialog_br\",\"https:\\\/\\\/www.linkedin.com\\\/company\\\/e-dialog-comunica-o-digital\",\"https:\\\/\\\/www.youtube.com\\\/channel\\\/UCPiVQ_yVlcCqWS2sRzJZj7g\"]}]}<\/script>\n<!-- \/ Yoast SEO Premium plugin. -->","yoast_head_json":{"title":"Gerenciamento de Instagram | E-Dialog - Ag\u00eancia de M\u00eddias Sociais","description":"Gerenciamento de Instagram realizado por ag\u00eancia especializada em m\u00eddias sociais. Conquiste potenciais seguidores e impulsione seu neg\u00f3cio com nossa gest\u00e3o!","robots":{"index":"index","follow":"follow","max-snippet":"max-snippet:-1","max-image-preview":"max-image-preview:large","max-video-preview":"max-video-preview:-1"},"canonical":"https:\/\/www.edialog.com.br\/es\/gerenciamento-de-instagram\/","og_locale":"es_ES","og_type":"article","og_title":"Instagram","og_description":"Gerenciamento de Instagram realizado por ag\u00eancia especializada em m\u00eddias sociais. Conquiste potenciais seguidores e impulsione seu neg\u00f3cio com nossa gest\u00e3o!","og_url":"https:\/\/www.edialog.com.br\/es\/gerenciamento-de-instagram\/","og_site_name":"Ag\u00eancia de Inbound Marketing | E-Dialog","article_publisher":"https:\/\/facebook.com\/edialogcomunicacao","article_modified_time":"2024-06-07T22:00:23+00:00","og_image":[{"url":"https:\/\/www.edialog.com.br\/wp-content\/uploads\/2024\/06\/Design-sem-nome2-1024x1024.png","type":"","width":"","height":""}],"twitter_misc":{"Tiempo de lectura":"5 minutos"},"schema":{"@context":"https:\/\/schema.org","@graph":[{"@type":"WebPage","@id":"https:\/\/www.edialog.com.br\/gerenciamento-de-instagram\/","url":"https:\/\/www.edialog.com.br\/gerenciamento-de-instagram\/","name":"Gerenciamento de Instagram | E-Dialog - Ag\u00eancia de M\u00eddias Sociais","isPartOf":{"@id":"https:\/\/www.edialog.com.br\/#website"},"primaryImageOfPage":{"@id":"https:\/\/www.edialog.com.br\/gerenciamento-de-instagram\/#primaryimage"},"image":{"@id":"https:\/\/www.edialog.com.br\/gerenciamento-de-instagram\/#primaryimage"},"thumbnailUrl":"https:\/\/www.edialog.com.br\/wp-content\/uploads\/2024\/06\/Design-sem-nome2-1024x1024.png","datePublished":"2016-01-20T11:58:05+00:00","dateModified":"2024-06-07T22:00:23+00:00","description":"Gerenciamento de Instagram realizado por ag\u00eancia especializada em m\u00eddias sociais. Conquiste potenciais seguidores e impulsione seu neg\u00f3cio com nossa gest\u00e3o!","breadcrumb":{"@id":"https:\/\/www.edialog.com.br\/gerenciamento-de-instagram\/#breadcrumb"},"inLanguage":"es","potentialAction":[{"@type":"ReadAction","target":["https:\/\/www.edialog.com.br\/gerenciamento-de-instagram\/"]}]},{"@type":"ImageObject","inLanguage":"es","@id":"https:\/\/www.edialog.com.br\/gerenciamento-de-instagram\/#primaryimage","url":"https:\/\/www.edialog.com.br\/wp-content\/uploads\/2024\/06\/Design-sem-nome2-1024x1024.png","contentUrl":"https:\/\/www.edialog.com.br\/wp-content\/uploads\/2024\/06\/Design-sem-nome2-1024x1024.png"},{"@type":"BreadcrumbList","@id":"https:\/\/www.edialog.com.br\/gerenciamento-de-instagram\/#breadcrumb","itemListElement":[{"@type":"ListItem","position":1,"name":"Home","item":"https:\/\/www.edialog.com.br\/"},{"@type":"ListItem","position":2,"name":"Instagram"}]},{"@type":"WebSite","@id":"https:\/\/www.edialog.com.br\/#website","url":"https:\/\/www.edialog.com.br\/","name":"Agencia de marketing entrante | E-Dialog","description":"Ag\u00eancia de Inbound Marketing premiada com solu\u00e7\u00f5es completas para o seu neg\u00f3cio. Atraia leads, com conte\u00fados \u00fanicos e envolventes. Solicite or\u00e7amento!","publisher":{"@id":"https:\/\/www.edialog.com.br\/#organization"},"potentialAction":[{"@type":"SearchAction","target":{"@type":"EntryPoint","urlTemplate":"https:\/\/www.edialog.com.br\/?s={search_term_string}"},"query-input":{"@type":"PropertyValueSpecification","valueRequired":true,"valueName":"search_term_string"}}],"inLanguage":"es"},{"@type":"Organization","@id":"https:\/\/www.edialog.com.br\/#organization","name":"Ag\u00eancia de M\u00eddias Sociais e Marketing Digital | E-Dialog","url":"https:\/\/www.edialog.com.br\/","logo":{"@type":"ImageObject","inLanguage":"es","@id":"https:\/\/www.edialog.com.br\/#\/schema\/logo\/image\/","url":"https:\/\/www.edialog.com.br\/wp-content\/uploads\/2021\/09\/edialog-logo-case.png","contentUrl":"https:\/\/www.edialog.com.br\/wp-content\/uploads\/2021\/09\/edialog-logo-case.png","width":810,"height":450,"caption":"Ag\u00eancia de M\u00eddias Sociais e Marketing Digital | E-Dialog"},"image":{"@id":"https:\/\/www.edialog.com.br\/#\/schema\/logo\/image\/"},"sameAs":["https:\/\/facebook.com\/edialogcomunicacao","https:\/\/x.com\/edialog_br","https:\/\/www.instagram.com\/edialog_br","https:\/\/www.linkedin.com\/company\/e-dialog-comunica-o-digital","https:\/\/www.youtube.com\/channel\/UCPiVQ_yVlcCqWS2sRzJZj7g"]}]}},"_links":{"self":[{"href":"https:\/\/www.edialog.com.br\/es\/wp-json\/wp\/v2\/pages\/7256","targetHints":{"allow":["GET"]}}],"collection":[{"href":"https:\/\/www.edialog.com.br\/es\/wp-json\/wp\/v2\/pages"}],"about":[{"href":"https:\/\/www.edialog.com.br\/es\/wp-json\/wp\/v2\/types\/page"}],"author":[{"embeddable":true,"href":"https:\/\/www.edialog.com.br\/es\/wp-json\/wp\/v2\/users\/1"}],"replies":[{"embeddable":true,"href":"https:\/\/www.edialog.com.br\/es\/wp-json\/wp\/v2\/comments?post=7256"}],"version-history":[{"count":0,"href":"https:\/\/www.edialog.com.br\/es\/wp-json\/wp\/v2\/pages\/7256\/revisions"}],"wp:attachment":[{"href":"https:\/\/www.edialog.com.br\/es\/wp-json\/wp\/v2\/media?parent=7256"}],"curies":[{"name":"wp","href":"https:\/\/api.w.org\/{rel}","templated":true}]}}