{"id":3069,"date":"2012-12-17T13:43:20","date_gmt":"2012-12-17T16:43:20","guid":{"rendered":"https:\/\/www.edialog.com.br\/?page_id=3069"},"modified":"2025-01-28T13:16:14","modified_gmt":"2025-01-28T16:16:14","slug":"na-midia","status":"publish","type":"page","link":"https:\/\/www.edialog.com.br\/es\/quem-somos\/na-midia\/","title":{"rendered":"Na M\u00eddia"},"content":{"rendered":"<div data-elementor-type=\"wp-page\" data-elementor-id=\"3069\" class=\"elementor elementor-3069\" data-elementor-post-type=\"page\">\n\t\t\t\t<div class=\"elementor-element elementor-element-caee6b6 e-flex e-con-boxed e-con e-parent\" data-id=\"caee6b6\" data-element_type=\"container\" data-settings=\"{&quot;background_background&quot;:&quot;classic&quot;,&quot;_ha_eqh_enable&quot;:false}\">\n\t\t\t\t\t<div class=\"e-con-inner\">\n\t\t\t\t<div class=\"elementor-element elementor-element-fb19933 elementor-widget elementor-widget-heading\" data-id=\"fb19933\" data-element_type=\"widget\" data-widget_type=\"heading.default\">\n\t\t\t\t<div class=\"elementor-widget-container\">\n\t\t\t\t\t<h1 class=\"elementor-heading-title elementor-size-default\">Na M\u00eddia<\/h1>\t\t\t\t<\/div>\n\t\t\t\t<\/div>\n\t\t\t\t<div class=\"elementor-element elementor-element-55e246c ha-has-bg-overlay elementor-widget elementor-widget-text-editor\" data-id=\"55e246c\" data-element_type=\"widget\" data-widget_type=\"text-editor.default\">\n\t\t\t\t<div class=\"elementor-widget-container\">\n\t\t\t\t\t\t\t\t\t<p>Confira entrevistas e mat\u00e9rias com a participa\u00e7\u00e3o de consultores da E-Dialog. Eles falam sobre m\u00eddias sociais e novas tecnologias em ve\u00edculos de imprensa como a TV Globo.<\/p>\t\t\t\t\t\t\t\t<\/div>\n\t\t\t\t<\/div>\n\t\t\t\t<div class=\"elementor-element elementor-element-70d8b7b elementor-hidden-tablet elementor-hidden-phone elementor-widget elementor-widget-spacer\" data-id=\"70d8b7b\" data-element_type=\"widget\" data-widget_type=\"spacer.default\">\n\t\t\t\t<div class=\"elementor-widget-container\">\n\t\t\t\t\t\t\t<div class=\"elementor-spacer\">\n\t\t\t<div class=\"elementor-spacer-inner\"><\/div>\n\t\t<\/div>\n\t\t\t\t\t\t<\/div>\n\t\t\t\t<\/div>\n\t\t\t\t\t<\/div>\n\t\t\t\t<\/div>\n\t\t<div class=\"elementor-element elementor-element-ceadf7b e-flex e-con-boxed e-con e-parent\" data-id=\"ceadf7b\" data-element_type=\"container\" data-settings=\"{&quot;_ha_eqh_enable&quot;:false}\">\n\t\t\t\t\t<div class=\"e-con-inner\">\n\t\t<div class=\"elementor-element elementor-element-7383ada e-con-full e-flex e-con e-parent\" data-id=\"7383ada\" data-element_type=\"container\" data-settings=\"{&quot;background_background&quot;:&quot;classic&quot;,&quot;_ha_eqh_enable&quot;:false}\">\n\t\t\t\t<div class=\"elementor-element elementor-element-28120f2 elementor-widget elementor-widget-heading\" data-id=\"28120f2\" data-element_type=\"widget\" data-widget_type=\"heading.default\">\n\t\t\t\t<div class=\"elementor-widget-container\">\n\t\t\t\t\t<h2 class=\"elementor-heading-title elementor-size-default\">Goal.com<\/h2>\t\t\t\t<\/div>\n\t\t\t\t<\/div>\n\t\t\t\t<div class=\"elementor-element elementor-element-dc53fd0 elementor-widget elementor-widget-text-editor\" data-id=\"dc53fd0\" data-element_type=\"widget\" data-widget_type=\"text-editor.default\">\n\t\t\t\t<div class=\"elementor-widget-container\">\n\t\t\t\t\t\t\t\t\t<p>Diretor da E-Dialog, Renan Caixeiro, comenta campanhas\u00a0<a href=\"http:\/\/www.goal.com\/br\/news\/619\/especiais\/2013\/06\/25\/4073431\/mirando-em-pato-acertando-em-ganso\">#vemprarua e #giganteacordou no portal Goal.com<\/a><\/p><p><picture><source srcset=\"http:\/\/www.edialog.com.br\/wp-content\/webp-express\/webp-images\/uploads\/2012\/12\/edialog-renancaixeiro.png.webp\" type=\"image\/webp\" \/><\/picture><\/p>\t\t\t\t\t\t\t\t<\/div>\n\t\t\t\t<\/div>\n\t\t\t\t<div class=\"elementor-element elementor-element-814f82e elementor-widget elementor-widget-image\" data-id=\"814f82e\" data-element_type=\"widget\" data-widget_type=\"image.default\">\n\t\t\t\t<div class=\"elementor-widget-container\">\n\t\t\t\t\t\t\t\t\t\t\t\t\t\t\t<img fetchpriority=\"high\" decoding=\"async\" width=\"650\" height=\"440\" src=\"https:\/\/www.edialog.com.br\/wp-content\/uploads\/2023\/08\/edialog-renancaixeiro-1.png\" class=\"attachment-large size-large wp-image-221640\" alt=\"\" srcset=\"https:\/\/www.edialog.com.br\/wp-content\/uploads\/2023\/08\/edialog-renancaixeiro-1.png 650w, https:\/\/www.edialog.com.br\/wp-content\/uploads\/2023\/08\/edialog-renancaixeiro-1-300x203.png 300w\" sizes=\"(max-width: 650px) 100vw, 650px\" \/>\t\t\t\t\t\t\t\t\t\t\t\t\t\t\t<\/div>\n\t\t\t\t<\/div>\n\t\t\t\t<div class=\"elementor-element elementor-element-e31ccb7 elementor-align-center elementor-widget elementor-widget-button\" data-id=\"e31ccb7\" data-element_type=\"widget\" data-widget_type=\"button.default\">\n\t\t\t\t<div class=\"elementor-widget-container\">\n\t\t\t\t\t\t\t\t\t<div class=\"elementor-button-wrapper\">\n\t\t\t\t\t<a class=\"elementor-button elementor-button-link elementor-size-sm\" href=\"http:\/\/www.goal.com\/br\/news\/619\/especiais\/2013\/06\/25\/4073431\/mirando-em-pato-acertando-em-ganso\">\n\t\t\t\t\t\t<span class=\"elementor-button-content-wrapper\">\n\t\t\t\t\t\t<span class=\"elementor-button-icon\">\n\t\t\t\t<i aria-hidden=\"true\" class=\"icon icon-right-arrow\"><\/i>\t\t\t<\/span>\n\t\t\t\t\t\t\t\t\t<span class=\"elementor-button-text\">Confira a mat\u00e9ria<\/span>\n\t\t\t\t\t<\/span>\n\t\t\t\t\t<\/a>\n\t\t\t\t<\/div>\n\t\t\t\t\t\t\t\t<\/div>\n\t\t\t\t<\/div>\n\t\t\t\t<\/div>\n\t\t<div class=\"elementor-element elementor-element-0d0310d e-con-full e-flex e-con e-parent\" data-id=\"0d0310d\" data-element_type=\"container\" data-settings=\"{&quot;background_background&quot;:&quot;classic&quot;,&quot;_ha_eqh_enable&quot;:false}\">\n\t\t\t\t<div class=\"elementor-element elementor-element-4512d75 elementor-widget elementor-widget-heading\" data-id=\"4512d75\" data-element_type=\"widget\" data-widget_type=\"heading.default\">\n\t\t\t\t<div class=\"elementor-widget-container\">\n\t\t\t\t\t<h2 class=\"elementor-heading-title elementor-size-default\">MGTV (TV Globo)<\/h2>\t\t\t\t<\/div>\n\t\t\t\t<\/div>\n\t\t\t\t<div class=\"elementor-element elementor-element-04e90e9 elementor-widget elementor-widget-text-editor\" data-id=\"04e90e9\" data-element_type=\"widget\" data-widget_type=\"text-editor.default\">\n\t\t\t\t<div class=\"elementor-widget-container\">\n\t\t\t\t\t\t\t\t\t<p>A consultora em m\u00eddias sociais Gihana Fava, da E-Dialog, participou de mat\u00e9ria do MGTV na afiliada da TV Globo em Juiz de Fora (TV Panorama). A reportagem falou sobre privacidade em tempos de redes sociais.<\/p><p>Gihana relata a import\u00e2ncia de filtrar e selecionar as conex\u00f5es na hora de enviar mensagens. Ela aponta que hoje as redes sociais possuem mecanismos de privacidade que podem garantir diante da superexposi\u00e7\u00e3o.<\/p><p><picture><source srcset=\"http:\/\/www.edialog.com.br\/wp-content\/webp-express\/webp-images\/uploads\/2012\/12\/edialog-renancaixeiro.png.webp\" type=\"image\/webp\" \/><\/picture><\/p><p><picture><source srcset=\"http:\/\/www.edialog.com.br\/wp-content\/webp-express\/webp-images\/uploads\/2012\/12\/edialog-renancaixeiro.png.webp\" type=\"image\/webp\" \/><\/picture><\/p>\t\t\t\t\t\t\t\t<\/div>\n\t\t\t\t<\/div>\n\t\t\t\t<div class=\"elementor-element elementor-element-2c2542d elementor-widget elementor-widget-image\" data-id=\"2c2542d\" data-element_type=\"widget\" data-widget_type=\"image.default\">\n\t\t\t\t<div class=\"elementor-widget-container\">\n\t\t\t\t\t\t\t\t\t\t\t\t\t\t\t<img decoding=\"async\" width=\"572\" height=\"437\" src=\"https:\/\/www.edialog.com.br\/wp-content\/uploads\/2023\/08\/gihana-tv-panorama-1.jpg\" class=\"attachment-large size-large wp-image-221642\" alt=\"\" srcset=\"https:\/\/www.edialog.com.br\/wp-content\/uploads\/2023\/08\/gihana-tv-panorama-1.jpg 572w, https:\/\/www.edialog.com.br\/wp-content\/uploads\/2023\/08\/gihana-tv-panorama-1-300x229.jpg 300w\" sizes=\"(max-width: 572px) 100vw, 572px\" \/>\t\t\t\t\t\t\t\t\t\t\t\t\t\t\t<\/div>\n\t\t\t\t<\/div>\n\t\t\t\t<div class=\"elementor-element elementor-element-8fc92d4 elementor-align-center elementor-widget elementor-widget-button\" data-id=\"8fc92d4\" data-element_type=\"widget\" data-widget_type=\"button.default\">\n\t\t\t\t<div class=\"elementor-widget-container\">\n\t\t\t\t\t\t\t\t\t<div class=\"elementor-button-wrapper\">\n\t\t\t\t\t<a class=\"elementor-button elementor-button-link elementor-size-sm\" href=\"http:\/\/goo.gl\/4360p\">\n\t\t\t\t\t\t<span class=\"elementor-button-content-wrapper\">\n\t\t\t\t\t\t<span class=\"elementor-button-icon\">\n\t\t\t\t<i aria-hidden=\"true\" class=\"icon icon-right-arrow\"><\/i>\t\t\t<\/span>\n\t\t\t\t\t\t\t\t\t<span class=\"elementor-button-text\">Confira a mat\u00e9ria<\/span>\n\t\t\t\t\t<\/span>\n\t\t\t\t\t<\/a>\n\t\t\t\t<\/div>\n\t\t\t\t\t\t\t\t<\/div>\n\t\t\t\t<\/div>\n\t\t\t\t<\/div>\n\t\t\t\t\t<\/div>\n\t\t\t\t<\/div>\n\t\t<div class=\"elementor-element elementor-element-db8ca6d e-flex e-con-boxed e-con e-parent\" data-id=\"db8ca6d\" data-element_type=\"container\" data-settings=\"{&quot;_ha_eqh_enable&quot;:false}\">\n\t\t\t\t\t<div class=\"e-con-inner\">\n\t\t\t\t\t<\/div>\n\t\t\t\t<\/div>\n\t\t\t\t<\/div>","protected":false},"excerpt":{"rendered":"<p>Confira entrevistas de consultores da E-Dialog sobre m\u00eddias sociais em ve\u00edculos como a TV Globo.<\/p>","protected":false},"author":1,"featured_media":3884,"parent":2,"menu_order":0,"comment_status":"closed","ping_status":"open","template":"","meta":{"_acf_changed":false,"content-type":"","footnotes":""},"class_list":["post-3069","page","type-page","status-publish","has-post-thumbnail","hentry"],"acf":[],"yoast_head":"<!-- This site is optimized with the Yoast SEO Premium plugin v27.5 (Yoast SEO v27.5) - https:\/\/yoast.com\/product\/yoast-seo-premium-wordpress\/ -->\n<title>Na M\u00eddia | E-Dialog<\/title>\n<meta name=\"description\" content=\"Veja reportagens, entrevistas e men\u00e7\u00f5es da Edialog na imprensa. Saiba como nossos projetos e especialistas t\u00eam se destacado.\" \/>\n<meta name=\"robots\" content=\"index, follow, max-snippet:-1, max-image-preview:large, max-video-preview:-1\" \/>\n<link rel=\"canonical\" href=\"https:\/\/www.edialog.com.br\/es\/quem-somos\/na-midia\/\" \/>\n<meta property=\"og:locale\" content=\"es_ES\" \/>\n<meta property=\"og:type\" content=\"article\" \/>\n<meta property=\"og:title\" content=\"Na M\u00eddia\" \/>\n<meta property=\"og:description\" content=\"Veja reportagens, entrevistas e men\u00e7\u00f5es da Edialog na imprensa. Saiba como nossos projetos e especialistas t\u00eam se destacado.\" \/>\n<meta property=\"og:url\" content=\"https:\/\/www.edialog.com.br\/es\/quem-somos\/na-midia\/\" \/>\n<meta property=\"og:site_name\" content=\"Ag\u00eancia de Inbound Marketing | E-Dialog\" \/>\n<meta property=\"article:publisher\" content=\"https:\/\/facebook.com\/edialogcomunicacao\" \/>\n<meta property=\"article:modified_time\" content=\"2025-01-28T16:16:14+00:00\" \/>\n<meta property=\"og:image\" content=\"https:\/\/www.edialog.com.br\/wp-content\/uploads\/2012\/12\/na-midia.jpg\" \/>\n\t<meta property=\"og:image:width\" content=\"231\" \/>\n\t<meta property=\"og:image:height\" content=\"116\" \/>\n\t<meta property=\"og:image:type\" content=\"image\/jpeg\" \/>\n<meta name=\"twitter:label1\" content=\"Tiempo de lectura\" \/>\n\t<meta name=\"twitter:data1\" content=\"2 minutos\" \/>\n<script type=\"application\/ld+json\" class=\"yoast-schema-graph\">{\"@context\":\"https:\\\/\\\/schema.org\",\"@graph\":[{\"@type\":\"WebPage\",\"@id\":\"https:\\\/\\\/www.edialog.com.br\\\/quem-somos\\\/na-midia\\\/\",\"url\":\"https:\\\/\\\/www.edialog.com.br\\\/quem-somos\\\/na-midia\\\/\",\"name\":\"Na M\u00eddia | E-Dialog\",\"isPartOf\":{\"@id\":\"https:\\\/\\\/www.edialog.com.br\\\/#website\"},\"primaryImageOfPage\":{\"@id\":\"https:\\\/\\\/www.edialog.com.br\\\/quem-somos\\\/na-midia\\\/#primaryimage\"},\"image\":{\"@id\":\"https:\\\/\\\/www.edialog.com.br\\\/quem-somos\\\/na-midia\\\/#primaryimage\"},\"thumbnailUrl\":\"https:\\\/\\\/www.edialog.com.br\\\/wp-content\\\/uploads\\\/2012\\\/12\\\/na-midia.jpg\",\"datePublished\":\"2012-12-17T16:43:20+00:00\",\"dateModified\":\"2025-01-28T16:16:14+00:00\",\"description\":\"Veja reportagens, entrevistas e men\u00e7\u00f5es da Edialog na imprensa. Saiba como nossos projetos e especialistas t\u00eam se destacado.\",\"breadcrumb\":{\"@id\":\"https:\\\/\\\/www.edialog.com.br\\\/quem-somos\\\/na-midia\\\/#breadcrumb\"},\"inLanguage\":\"es\",\"potentialAction\":[{\"@type\":\"ReadAction\",\"target\":[\"https:\\\/\\\/www.edialog.com.br\\\/quem-somos\\\/na-midia\\\/\"]}]},{\"@type\":\"ImageObject\",\"inLanguage\":\"es\",\"@id\":\"https:\\\/\\\/www.edialog.com.br\\\/quem-somos\\\/na-midia\\\/#primaryimage\",\"url\":\"https:\\\/\\\/www.edialog.com.br\\\/wp-content\\\/uploads\\\/2012\\\/12\\\/na-midia.jpg\",\"contentUrl\":\"https:\\\/\\\/www.edialog.com.br\\\/wp-content\\\/uploads\\\/2012\\\/12\\\/na-midia.jpg\",\"width\":231,\"height\":116},{\"@type\":\"BreadcrumbList\",\"@id\":\"https:\\\/\\\/www.edialog.com.br\\\/quem-somos\\\/na-midia\\\/#breadcrumb\",\"itemListElement\":[{\"@type\":\"ListItem\",\"position\":1,\"name\":\"Home\",\"item\":\"https:\\\/\\\/www.edialog.com.br\\\/\"},{\"@type\":\"ListItem\",\"position\":2,\"name\":\"Quem Somos\",\"item\":\"https:\\\/\\\/www.edialog.com.br\\\/quem-somos\\\/\"},{\"@type\":\"ListItem\",\"position\":3,\"name\":\"Na M\u00eddia\"}]},{\"@type\":\"WebSite\",\"@id\":\"https:\\\/\\\/www.edialog.com.br\\\/#website\",\"url\":\"https:\\\/\\\/www.edialog.com.br\\\/\",\"name\":\"Ag\u00eancia de Inbound Marketing | E-Dialog\",\"description\":\"Ag\u00eancia de Inbound Marketing premiada com solu\u00e7\u00f5es completas para o seu neg\u00f3cio. Atraia leads, com conte\u00fados \u00fanicos e envolventes. Solicite or\u00e7amento!\",\"publisher\":{\"@id\":\"https:\\\/\\\/www.edialog.com.br\\\/#organization\"},\"potentialAction\":[{\"@type\":\"SearchAction\",\"target\":{\"@type\":\"EntryPoint\",\"urlTemplate\":\"https:\\\/\\\/www.edialog.com.br\\\/?s={search_term_string}\"},\"query-input\":{\"@type\":\"PropertyValueSpecification\",\"valueRequired\":true,\"valueName\":\"search_term_string\"}}],\"inLanguage\":\"es\"},{\"@type\":\"Organization\",\"@id\":\"https:\\\/\\\/www.edialog.com.br\\\/#organization\",\"name\":\"Ag\u00eancia de M\u00eddias Sociais e Marketing Digital | E-Dialog\",\"url\":\"https:\\\/\\\/www.edialog.com.br\\\/\",\"logo\":{\"@type\":\"ImageObject\",\"inLanguage\":\"es\",\"@id\":\"https:\\\/\\\/www.edialog.com.br\\\/#\\\/schema\\\/logo\\\/image\\\/\",\"url\":\"https:\\\/\\\/www.edialog.com.br\\\/wp-content\\\/uploads\\\/2021\\\/09\\\/edialog-logo-case.png\",\"contentUrl\":\"https:\\\/\\\/www.edialog.com.br\\\/wp-content\\\/uploads\\\/2021\\\/09\\\/edialog-logo-case.png\",\"width\":810,\"height\":450,\"caption\":\"Ag\u00eancia de M\u00eddias Sociais e Marketing Digital | E-Dialog\"},\"image\":{\"@id\":\"https:\\\/\\\/www.edialog.com.br\\\/#\\\/schema\\\/logo\\\/image\\\/\"},\"sameAs\":[\"https:\\\/\\\/facebook.com\\\/edialogcomunicacao\",\"https:\\\/\\\/x.com\\\/edialog_br\",\"https:\\\/\\\/www.instagram.com\\\/edialog_br\",\"https:\\\/\\\/www.linkedin.com\\\/company\\\/e-dialog-comunica-o-digital\",\"https:\\\/\\\/www.youtube.com\\\/channel\\\/UCPiVQ_yVlcCqWS2sRzJZj7g\"]}]}<\/script>\n<!-- \/ Yoast SEO Premium plugin. -->","yoast_head_json":{"title":"Na M\u00eddia | E-Dialog","description":"Veja reportagens, entrevistas e men\u00e7\u00f5es da Edialog na imprensa. Saiba como nossos projetos e especialistas t\u00eam se destacado.","robots":{"index":"index","follow":"follow","max-snippet":"max-snippet:-1","max-image-preview":"max-image-preview:large","max-video-preview":"max-video-preview:-1"},"canonical":"https:\/\/www.edialog.com.br\/es\/quem-somos\/na-midia\/","og_locale":"es_ES","og_type":"article","og_title":"Na M\u00eddia","og_description":"Veja reportagens, entrevistas e men\u00e7\u00f5es da Edialog na imprensa. Saiba como nossos projetos e especialistas t\u00eam se destacado.","og_url":"https:\/\/www.edialog.com.br\/es\/quem-somos\/na-midia\/","og_site_name":"Ag\u00eancia de Inbound Marketing | E-Dialog","article_publisher":"https:\/\/facebook.com\/edialogcomunicacao","article_modified_time":"2025-01-28T16:16:14+00:00","og_image":[{"width":231,"height":116,"url":"https:\/\/www.edialog.com.br\/wp-content\/uploads\/2012\/12\/na-midia.jpg","type":"image\/jpeg"}],"twitter_misc":{"Tiempo de lectura":"2 minutos"},"schema":{"@context":"https:\/\/schema.org","@graph":[{"@type":"WebPage","@id":"https:\/\/www.edialog.com.br\/quem-somos\/na-midia\/","url":"https:\/\/www.edialog.com.br\/quem-somos\/na-midia\/","name":"Na M\u00eddia | E-Dialog","isPartOf":{"@id":"https:\/\/www.edialog.com.br\/#website"},"primaryImageOfPage":{"@id":"https:\/\/www.edialog.com.br\/quem-somos\/na-midia\/#primaryimage"},"image":{"@id":"https:\/\/www.edialog.com.br\/quem-somos\/na-midia\/#primaryimage"},"thumbnailUrl":"https:\/\/www.edialog.com.br\/wp-content\/uploads\/2012\/12\/na-midia.jpg","datePublished":"2012-12-17T16:43:20+00:00","dateModified":"2025-01-28T16:16:14+00:00","description":"Veja reportagens, entrevistas e men\u00e7\u00f5es da Edialog na imprensa. Saiba como nossos projetos e especialistas t\u00eam se destacado.","breadcrumb":{"@id":"https:\/\/www.edialog.com.br\/quem-somos\/na-midia\/#breadcrumb"},"inLanguage":"es","potentialAction":[{"@type":"ReadAction","target":["https:\/\/www.edialog.com.br\/quem-somos\/na-midia\/"]}]},{"@type":"ImageObject","inLanguage":"es","@id":"https:\/\/www.edialog.com.br\/quem-somos\/na-midia\/#primaryimage","url":"https:\/\/www.edialog.com.br\/wp-content\/uploads\/2012\/12\/na-midia.jpg","contentUrl":"https:\/\/www.edialog.com.br\/wp-content\/uploads\/2012\/12\/na-midia.jpg","width":231,"height":116},{"@type":"BreadcrumbList","@id":"https:\/\/www.edialog.com.br\/quem-somos\/na-midia\/#breadcrumb","itemListElement":[{"@type":"ListItem","position":1,"name":"Home","item":"https:\/\/www.edialog.com.br\/"},{"@type":"ListItem","position":2,"name":"Quem Somos","item":"https:\/\/www.edialog.com.br\/quem-somos\/"},{"@type":"ListItem","position":3,"name":"Na M\u00eddia"}]},{"@type":"WebSite","@id":"https:\/\/www.edialog.com.br\/#website","url":"https:\/\/www.edialog.com.br\/","name":"Agencia de marketing entrante | E-Dialog","description":"Ag\u00eancia de Inbound Marketing premiada com solu\u00e7\u00f5es completas para o seu neg\u00f3cio. Atraia leads, com conte\u00fados \u00fanicos e envolventes. Solicite or\u00e7amento!","publisher":{"@id":"https:\/\/www.edialog.com.br\/#organization"},"potentialAction":[{"@type":"SearchAction","target":{"@type":"EntryPoint","urlTemplate":"https:\/\/www.edialog.com.br\/?s={search_term_string}"},"query-input":{"@type":"PropertyValueSpecification","valueRequired":true,"valueName":"search_term_string"}}],"inLanguage":"es"},{"@type":"Organization","@id":"https:\/\/www.edialog.com.br\/#organization","name":"Ag\u00eancia de M\u00eddias Sociais e Marketing Digital | E-Dialog","url":"https:\/\/www.edialog.com.br\/","logo":{"@type":"ImageObject","inLanguage":"es","@id":"https:\/\/www.edialog.com.br\/#\/schema\/logo\/image\/","url":"https:\/\/www.edialog.com.br\/wp-content\/uploads\/2021\/09\/edialog-logo-case.png","contentUrl":"https:\/\/www.edialog.com.br\/wp-content\/uploads\/2021\/09\/edialog-logo-case.png","width":810,"height":450,"caption":"Ag\u00eancia de M\u00eddias Sociais e Marketing Digital | E-Dialog"},"image":{"@id":"https:\/\/www.edialog.com.br\/#\/schema\/logo\/image\/"},"sameAs":["https:\/\/facebook.com\/edialogcomunicacao","https:\/\/x.com\/edialog_br","https:\/\/www.instagram.com\/edialog_br","https:\/\/www.linkedin.com\/company\/e-dialog-comunica-o-digital","https:\/\/www.youtube.com\/channel\/UCPiVQ_yVlcCqWS2sRzJZj7g"]}]}},"_links":{"self":[{"href":"https:\/\/www.edialog.com.br\/es\/wp-json\/wp\/v2\/pages\/3069","targetHints":{"allow":["GET"]}}],"collection":[{"href":"https:\/\/www.edialog.com.br\/es\/wp-json\/wp\/v2\/pages"}],"about":[{"href":"https:\/\/www.edialog.com.br\/es\/wp-json\/wp\/v2\/types\/page"}],"author":[{"embeddable":true,"href":"https:\/\/www.edialog.com.br\/es\/wp-json\/wp\/v2\/users\/1"}],"replies":[{"embeddable":true,"href":"https:\/\/www.edialog.com.br\/es\/wp-json\/wp\/v2\/comments?post=3069"}],"version-history":[{"count":1,"href":"https:\/\/www.edialog.com.br\/es\/wp-json\/wp\/v2\/pages\/3069\/revisions"}],"predecessor-version":[{"id":228060,"href":"https:\/\/www.edialog.com.br\/es\/wp-json\/wp\/v2\/pages\/3069\/revisions\/228060"}],"up":[{"embeddable":true,"href":"https:\/\/www.edialog.com.br\/es\/wp-json\/wp\/v2\/pages\/2"}],"wp:featuredmedia":[{"embeddable":true,"href":"https:\/\/www.edialog.com.br\/es\/wp-json\/wp\/v2\/media\/3884"}],"wp:attachment":[{"href":"https:\/\/www.edialog.com.br\/es\/wp-json\/wp\/v2\/media?parent=3069"}],"curies":[{"name":"wp","href":"https:\/\/api.w.org\/{rel}","templated":true}]}}