{"id":26708,"date":"2017-11-17T19:00:25","date_gmt":"2017-11-17T22:00:25","guid":{"rendered":"https:\/\/www.edialog.com.br\/?page_id=26708"},"modified":"2023-08-17T08:41:17","modified_gmt":"2023-08-17T11:41:17","slug":"palestrante-de-marketing-digital","status":"publish","type":"page","link":"https:\/\/www.edialog.com.br\/es\/palestrante-de-marketing-digital\/","title":{"rendered":"Palestrante de Marketing Digital &#8211; Diretor da E-Dialog, Renan Caixeiro"},"content":{"rendered":"<div data-elementor-type=\"wp-page\" data-elementor-id=\"26708\" class=\"elementor elementor-26708\" data-elementor-post-type=\"page\">\n\t\t\t\t<div class=\"elementor-element elementor-element-393e9f36 e-flex e-con-boxed e-con e-parent\" data-id=\"393e9f36\" data-element_type=\"container\" data-settings=\"{&quot;background_background&quot;:&quot;classic&quot;,&quot;_ha_eqh_enable&quot;:false}\">\n\t\t\t\t\t<div class=\"e-con-inner\">\n\t\t\t\t<div class=\"elementor-element elementor-element-2570461b elementor-widget elementor-widget-heading\" data-id=\"2570461b\" data-element_type=\"widget\" data-widget_type=\"heading.default\">\n\t\t\t\t<div class=\"elementor-widget-container\">\n\t\t\t\t\t<h1 class=\"elementor-heading-title elementor-size-default\">Conferenciante sobre marketing digital<br>Director de E-Dialog, Renan Caixeiro<\/h1>\t\t\t\t<\/div>\n\t\t\t\t<\/div>\n\t\t\t\t<div class=\"elementor-element elementor-element-46a84a27 elementor-hidden-tablet elementor-hidden-phone elementor-widget elementor-widget-spacer\" data-id=\"46a84a27\" data-element_type=\"widget\" data-widget_type=\"spacer.default\">\n\t\t\t\t<div class=\"elementor-widget-container\">\n\t\t\t\t\t\t\t<div class=\"elementor-spacer\">\n\t\t\t<div class=\"elementor-spacer-inner\"><\/div>\n\t\t<\/div>\n\t\t\t\t\t\t<\/div>\n\t\t\t\t<\/div>\n\t\t\t\t\t<\/div>\n\t\t\t\t<\/div>\n\t\t<div class=\"elementor-element elementor-element-7fd545ca e-flex e-con-boxed e-con e-parent\" data-id=\"7fd545ca\" data-element_type=\"container\" data-settings=\"{&quot;_ha_eqh_enable&quot;:false}\">\n\t\t\t\t\t<div class=\"e-con-inner\">\n\t\t<div class=\"elementor-element elementor-element-6d1ff00d e-con-full e-flex e-con e-child\" data-id=\"6d1ff00d\" data-element_type=\"container\" data-settings=\"{&quot;_ha_eqh_enable&quot;:false}\">\n\t\t\t\t<div class=\"elementor-element elementor-element-24b55d49 elementor-widget elementor-widget-image\" data-id=\"24b55d49\" data-element_type=\"widget\" data-widget_type=\"image.default\">\n\t\t\t\t<div class=\"elementor-widget-container\">\n\t\t\t\t\t\t\t\t\t\t\t\t\t\t\t<img fetchpriority=\"high\" decoding=\"async\" width=\"800\" height=\"800\" src=\"https:\/\/www.edialog.com.br\/wp-content\/uploads\/2023\/08\/renancaixeiro-1-1024x1024.jpg\" class=\"attachment-large size-large wp-image-221383\" alt=\"\" srcset=\"https:\/\/www.edialog.com.br\/wp-content\/uploads\/2023\/08\/renancaixeiro-1-1024x1024.jpg 1024w, https:\/\/www.edialog.com.br\/wp-content\/uploads\/2023\/08\/renancaixeiro-1-300x300.jpg 300w, https:\/\/www.edialog.com.br\/wp-content\/uploads\/2023\/08\/renancaixeiro-1-150x150.jpg 150w, https:\/\/www.edialog.com.br\/wp-content\/uploads\/2023\/08\/renancaixeiro-1-768x768.jpg 768w, https:\/\/www.edialog.com.br\/wp-content\/uploads\/2023\/08\/renancaixeiro-1-1536x1536.jpg 1536w, https:\/\/www.edialog.com.br\/wp-content\/uploads\/2023\/08\/renancaixeiro-1.jpg 2048w\" sizes=\"(max-width: 800px) 100vw, 800px\" \/>\t\t\t\t\t\t\t\t\t\t\t\t\t\t\t<\/div>\n\t\t\t\t<\/div>\n\t\t\t\t<\/div>\n\t\t<div class=\"elementor-element elementor-element-3995c37d e-con-full e-flex e-con e-child\" data-id=\"3995c37d\" data-element_type=\"container\" data-settings=\"{&quot;_ha_eqh_enable&quot;:false}\">\n\t\t\t\t<div class=\"elementor-element elementor-element-2719c15d elementor-widget elementor-widget-text-editor\" data-id=\"2719c15d\" data-element_type=\"widget\" data-widget_type=\"text-editor.default\">\n\t\t\t\t<div class=\"elementor-widget-container\">\n\t\t\t\t\t\t\t\t\t<h4 class=\"et_pb_module_header\">Renan Caixeiro<\/h4><p class=\"et_pb_member_position\"><b>Cofundador y Director de E-Dialog<\/b><\/p><div><p>Renan Caixeiro, conferenciante sobre marketing digital, es profesional de las redes sociales y el inbound marketing desde 2008. Es cofundador de la agencia de marketing digital E-Dialog y del\u00a0<a href=\"https:\/\/app.reportei.com\/\">denuncias en medios sociales Denunciadas<\/a>Ha dado conferencias y cursos a m\u00e1s de 1.000 personas a lo largo de 10 a\u00f1os.<\/p><ul><li>Certificado por Resultados Digitais y Google.<\/li><li>Instructor en Inspirar Digital, con m\u00e1s de 300 graduados.<\/li><li>Gerente del Grupo Google Business, con formaci\u00f3n en Google recibida en S\u00e3o Paulo y Singapur.<\/li><li>Cofundador del software utilizado por m\u00e1s de 10.000 profesionales del marketing digital y las redes sociales: Reportei.<\/li><li>Cofundador de E-Dialog, agencia con presencia en S\u00e3o Paulo, R\u00edo, Belo Horizonte y Juiz de Fora (MG). Atiende a clientes en Brasil, Estados Unidos y Europa.<\/li><li>Tiene un posgrado en Comunicaci\u00f3n Empresarial por la Universidad Federal de Juiz de Fora (MG).<\/li><li>Profesor del Programa Fagoc de Postgrado en Marketing Digital (MG).<\/li><li>Conferencias impartidas en: S\u00e3o Paulo, Curitiba, Belo Horizonte, Juiz de Fora, S\u00e3o Jo\u00e3o Del Rei, Vi\u00e7osa, Cascavel, R\u00edo de Janeiro, Petr\u00f3polis y Florian\u00f3polis.<\/li><\/ul><\/div>\t\t\t\t\t\t\t\t<\/div>\n\t\t\t\t<\/div>\n\t\t\t\t<div class=\"elementor-element elementor-element-519aaf06 e-grid-align-left elementor-shape-rounded elementor-grid-0 elementor-widget elementor-widget-social-icons\" data-id=\"519aaf06\" data-element_type=\"widget\" data-widget_type=\"social-icons.default\">\n\t\t\t\t<div class=\"elementor-widget-container\">\n\t\t\t\t\t\t\t<div class=\"elementor-social-icons-wrapper elementor-grid\">\n\t\t\t\t\t\t\t<span class=\"elementor-grid-item\">\n\t\t\t\t\t<a class=\"elementor-icon elementor-social-icon elementor-social-icon-linkedin elementor-repeater-item-5f5f261\" href=\"https:\/\/br.linkedin.com\/in\/renancaixeiro\/pt\" target=\"_blank\">\n\t\t\t\t\t\t<span class=\"elementor-screen-only\">Linkedin<\/span>\n\t\t\t\t\t\t<i class=\"fab fa-linkedin\"><\/i>\t\t\t\t\t<\/a>\n\t\t\t\t<\/span>\n\t\t\t\t\t<\/div>\n\t\t\t\t\t\t<\/div>\n\t\t\t\t<\/div>\n\t\t\t\t<\/div>\n\t\t\t\t\t<\/div>\n\t\t\t\t<\/div>\n\t\t<div class=\"elementor-element elementor-element-2e02ab8 e-flex e-con-boxed e-con e-parent\" data-id=\"2e02ab8\" data-element_type=\"container\" data-settings=\"{&quot;_ha_eqh_enable&quot;:false}\">\n\t\t\t\t\t<div class=\"e-con-inner\">\n\t\t\t\t<div class=\"elementor-element elementor-element-25cc6d4b elementor-align-center elementor-widget__width-initial elementor-widget elementor-widget-button\" data-id=\"25cc6d4b\" data-element_type=\"widget\" data-widget_type=\"button.default\">\n\t\t\t\t<div class=\"elementor-widget-container\">\n\t\t\t\t\t\t\t\t\t<div class=\"elementor-button-wrapper\">\n\t\t\t\t\t<a class=\"elementor-button elementor-button-link elementor-size-sm\" href=\"\/es\/contato\/\">\n\t\t\t\t\t\t<span class=\"elementor-button-content-wrapper\">\n\t\t\t\t\t\t<span class=\"elementor-button-icon\">\n\t\t\t\t<i aria-hidden=\"true\" class=\"icon icon-right-arrow\"><\/i>\t\t\t<\/span>\n\t\t\t\t\t\t\t\t\t<span class=\"elementor-button-text\">Contacto<\/span>\n\t\t\t\t\t<\/span>\n\t\t\t\t\t<\/a>\n\t\t\t\t<\/div>\n\t\t\t\t\t\t\t\t<\/div>\n\t\t\t\t<\/div>\n\t\t\t\t\t<\/div>\n\t\t\t\t<\/div>\n\t\t\t\t<\/div>","protected":false},"excerpt":{"rendered":"<p>Palestrante de Marketing DigitalDiretor da E-Dialog, Renan Caixeiro Renan Caixeiro Cofundador e Diretor da E-Dialog Palestrante de marketing digital, Renan Caixeiro, \u00e9 profissional de m\u00eddias sociais e Inbound Marketing desde 2008. Cofundador da ag\u00eancia de marketing digital E-Dialog e do software de\u00a0relat\u00f3rios de redes sociais Reportei, j\u00e1 palestrou e ministrou cursos para mais de 1000 [&hellip;]<\/p>\n","protected":false},"author":1,"featured_media":0,"parent":0,"menu_order":0,"comment_status":"closed","ping_status":"closed","template":"","meta":{"_acf_changed":false,"content-type":"","footnotes":""},"class_list":["post-26708","page","type-page","status-publish","hentry"],"acf":[],"yoast_head":"<!-- This site is optimized with the Yoast SEO Premium plugin v27.3 (Yoast SEO v27.3) - https:\/\/yoast.com\/product\/yoast-seo-premium-wordpress\/ -->\n<title>Palestrante de Marketing Digital - Palestras de M\u00eddias Sociais<\/title>\n<meta name=\"description\" content=\"Saiba mais sobre o Palestrante de marketing digital, Renan Caixeiro, Cofundador da ag\u00eancia de marketing digital E-Dialog e do software Reportei.\" \/>\n<meta name=\"robots\" content=\"index, follow, max-snippet:-1, max-image-preview:large, max-video-preview:-1\" \/>\n<link rel=\"canonical\" href=\"https:\/\/www.edialog.com.br\/es\/palestrante-de-marketing-digital\/\" \/>\n<meta property=\"og:locale\" content=\"es_ES\" \/>\n<meta property=\"og:type\" content=\"article\" \/>\n<meta property=\"og:title\" content=\"Palestrante de Marketing Digital - Diretor da E-Dialog, Renan Caixeiro\" \/>\n<meta property=\"og:description\" content=\"Saiba mais sobre o Palestrante de marketing digital, Renan Caixeiro, Cofundador da ag\u00eancia de marketing digital E-Dialog e do software Reportei.\" \/>\n<meta property=\"og:url\" content=\"https:\/\/www.edialog.com.br\/es\/palestrante-de-marketing-digital\/\" \/>\n<meta property=\"og:site_name\" content=\"Ag\u00eancia de Inbound Marketing | E-Dialog\" \/>\n<meta property=\"article:publisher\" content=\"https:\/\/facebook.com\/edialogcomunicacao\" \/>\n<meta property=\"article:modified_time\" content=\"2023-08-17T11:41:17+00:00\" \/>\n<meta property=\"og:image\" content=\"https:\/\/www.edialog.com.br\/wp-content\/uploads\/2023\/08\/renancaixeiro-1-1024x1024.jpg\" \/>\n<meta name=\"twitter:label1\" content=\"Tiempo de lectura\" \/>\n\t<meta name=\"twitter:data1\" content=\"2 minutos\" \/>\n<script type=\"application\/ld+json\" class=\"yoast-schema-graph\">{\"@context\":\"https:\\\/\\\/schema.org\",\"@graph\":[{\"@type\":\"WebPage\",\"@id\":\"https:\\\/\\\/www.edialog.com.br\\\/palestrante-de-marketing-digital\\\/\",\"url\":\"https:\\\/\\\/www.edialog.com.br\\\/palestrante-de-marketing-digital\\\/\",\"name\":\"Palestrante de Marketing Digital - Palestras de M\u00eddias Sociais\",\"isPartOf\":{\"@id\":\"https:\\\/\\\/www.edialog.com.br\\\/#website\"},\"primaryImageOfPage\":{\"@id\":\"https:\\\/\\\/www.edialog.com.br\\\/palestrante-de-marketing-digital\\\/#primaryimage\"},\"image\":{\"@id\":\"https:\\\/\\\/www.edialog.com.br\\\/palestrante-de-marketing-digital\\\/#primaryimage\"},\"thumbnailUrl\":\"https:\\\/\\\/www.edialog.com.br\\\/wp-content\\\/uploads\\\/2023\\\/08\\\/renancaixeiro-1-1024x1024.jpg\",\"datePublished\":\"2017-11-17T22:00:25+00:00\",\"dateModified\":\"2023-08-17T11:41:17+00:00\",\"description\":\"Saiba mais sobre o Palestrante de marketing digital, Renan Caixeiro, Cofundador da ag\u00eancia de marketing digital E-Dialog e do software Reportei.\",\"breadcrumb\":{\"@id\":\"https:\\\/\\\/www.edialog.com.br\\\/palestrante-de-marketing-digital\\\/#breadcrumb\"},\"inLanguage\":\"es\",\"potentialAction\":[{\"@type\":\"ReadAction\",\"target\":[\"https:\\\/\\\/www.edialog.com.br\\\/palestrante-de-marketing-digital\\\/\"]}]},{\"@type\":\"ImageObject\",\"inLanguage\":\"es\",\"@id\":\"https:\\\/\\\/www.edialog.com.br\\\/palestrante-de-marketing-digital\\\/#primaryimage\",\"url\":\"https:\\\/\\\/www.edialog.com.br\\\/wp-content\\\/uploads\\\/2023\\\/08\\\/renancaixeiro-1-1024x1024.jpg\",\"contentUrl\":\"https:\\\/\\\/www.edialog.com.br\\\/wp-content\\\/uploads\\\/2023\\\/08\\\/renancaixeiro-1-1024x1024.jpg\"},{\"@type\":\"BreadcrumbList\",\"@id\":\"https:\\\/\\\/www.edialog.com.br\\\/palestrante-de-marketing-digital\\\/#breadcrumb\",\"itemListElement\":[{\"@type\":\"ListItem\",\"position\":1,\"name\":\"Home\",\"item\":\"https:\\\/\\\/www.edialog.com.br\\\/\"},{\"@type\":\"ListItem\",\"position\":2,\"name\":\"Palestrante de Marketing Digital &#8211; Diretor da E-Dialog, Renan Caixeiro\"}]},{\"@type\":\"WebSite\",\"@id\":\"https:\\\/\\\/www.edialog.com.br\\\/#website\",\"url\":\"https:\\\/\\\/www.edialog.com.br\\\/\",\"name\":\"Ag\u00eancia de Inbound Marketing | E-Dialog\",\"description\":\"Ag\u00eancia de Inbound Marketing premiada com solu\u00e7\u00f5es completas para o seu neg\u00f3cio. Atraia leads, com conte\u00fados \u00fanicos e envolventes. Solicite or\u00e7amento!\",\"publisher\":{\"@id\":\"https:\\\/\\\/www.edialog.com.br\\\/#organization\"},\"potentialAction\":[{\"@type\":\"SearchAction\",\"target\":{\"@type\":\"EntryPoint\",\"urlTemplate\":\"https:\\\/\\\/www.edialog.com.br\\\/?s={search_term_string}\"},\"query-input\":{\"@type\":\"PropertyValueSpecification\",\"valueRequired\":true,\"valueName\":\"search_term_string\"}}],\"inLanguage\":\"es\"},{\"@type\":\"Organization\",\"@id\":\"https:\\\/\\\/www.edialog.com.br\\\/#organization\",\"name\":\"Ag\u00eancia de M\u00eddias Sociais e Marketing Digital | E-Dialog\",\"url\":\"https:\\\/\\\/www.edialog.com.br\\\/\",\"logo\":{\"@type\":\"ImageObject\",\"inLanguage\":\"es\",\"@id\":\"https:\\\/\\\/www.edialog.com.br\\\/#\\\/schema\\\/logo\\\/image\\\/\",\"url\":\"https:\\\/\\\/www.edialog.com.br\\\/wp-content\\\/uploads\\\/2021\\\/09\\\/edialog-logo-case.png\",\"contentUrl\":\"https:\\\/\\\/www.edialog.com.br\\\/wp-content\\\/uploads\\\/2021\\\/09\\\/edialog-logo-case.png\",\"width\":810,\"height\":450,\"caption\":\"Ag\u00eancia de M\u00eddias Sociais e Marketing Digital | E-Dialog\"},\"image\":{\"@id\":\"https:\\\/\\\/www.edialog.com.br\\\/#\\\/schema\\\/logo\\\/image\\\/\"},\"sameAs\":[\"https:\\\/\\\/facebook.com\\\/edialogcomunicacao\",\"https:\\\/\\\/x.com\\\/edialog_br\",\"https:\\\/\\\/www.instagram.com\\\/edialog_br\",\"https:\\\/\\\/www.linkedin.com\\\/company\\\/e-dialog-comunica-o-digital\",\"https:\\\/\\\/www.youtube.com\\\/channel\\\/UCPiVQ_yVlcCqWS2sRzJZj7g\"]}]}<\/script>\n<!-- \/ Yoast SEO Premium plugin. -->","yoast_head_json":{"title":"Palestrante de Marketing Digital - Palestras de M\u00eddias Sociais","description":"Saiba mais sobre o Palestrante de marketing digital, Renan Caixeiro, Cofundador da ag\u00eancia de marketing digital E-Dialog e do software Reportei.","robots":{"index":"index","follow":"follow","max-snippet":"max-snippet:-1","max-image-preview":"max-image-preview:large","max-video-preview":"max-video-preview:-1"},"canonical":"https:\/\/www.edialog.com.br\/es\/palestrante-de-marketing-digital\/","og_locale":"es_ES","og_type":"article","og_title":"Palestrante de Marketing Digital - Diretor da E-Dialog, Renan Caixeiro","og_description":"Saiba mais sobre o Palestrante de marketing digital, Renan Caixeiro, Cofundador da ag\u00eancia de marketing digital E-Dialog e do software Reportei.","og_url":"https:\/\/www.edialog.com.br\/es\/palestrante-de-marketing-digital\/","og_site_name":"Ag\u00eancia de Inbound Marketing | E-Dialog","article_publisher":"https:\/\/facebook.com\/edialogcomunicacao","article_modified_time":"2023-08-17T11:41:17+00:00","og_image":[{"url":"https:\/\/www.edialog.com.br\/wp-content\/uploads\/2023\/08\/renancaixeiro-1-1024x1024.jpg","type":"","width":"","height":""}],"twitter_misc":{"Tiempo de lectura":"2 minutos"},"schema":{"@context":"https:\/\/schema.org","@graph":[{"@type":"WebPage","@id":"https:\/\/www.edialog.com.br\/palestrante-de-marketing-digital\/","url":"https:\/\/www.edialog.com.br\/palestrante-de-marketing-digital\/","name":"Palestrante de Marketing Digital - Palestras de M\u00eddias Sociais","isPartOf":{"@id":"https:\/\/www.edialog.com.br\/#website"},"primaryImageOfPage":{"@id":"https:\/\/www.edialog.com.br\/palestrante-de-marketing-digital\/#primaryimage"},"image":{"@id":"https:\/\/www.edialog.com.br\/palestrante-de-marketing-digital\/#primaryimage"},"thumbnailUrl":"https:\/\/www.edialog.com.br\/wp-content\/uploads\/2023\/08\/renancaixeiro-1-1024x1024.jpg","datePublished":"2017-11-17T22:00:25+00:00","dateModified":"2023-08-17T11:41:17+00:00","description":"Saiba mais sobre o Palestrante de marketing digital, Renan Caixeiro, Cofundador da ag\u00eancia de marketing digital E-Dialog e do software Reportei.","breadcrumb":{"@id":"https:\/\/www.edialog.com.br\/palestrante-de-marketing-digital\/#breadcrumb"},"inLanguage":"es","potentialAction":[{"@type":"ReadAction","target":["https:\/\/www.edialog.com.br\/palestrante-de-marketing-digital\/"]}]},{"@type":"ImageObject","inLanguage":"es","@id":"https:\/\/www.edialog.com.br\/palestrante-de-marketing-digital\/#primaryimage","url":"https:\/\/www.edialog.com.br\/wp-content\/uploads\/2023\/08\/renancaixeiro-1-1024x1024.jpg","contentUrl":"https:\/\/www.edialog.com.br\/wp-content\/uploads\/2023\/08\/renancaixeiro-1-1024x1024.jpg"},{"@type":"BreadcrumbList","@id":"https:\/\/www.edialog.com.br\/palestrante-de-marketing-digital\/#breadcrumb","itemListElement":[{"@type":"ListItem","position":1,"name":"Home","item":"https:\/\/www.edialog.com.br\/"},{"@type":"ListItem","position":2,"name":"Palestrante de Marketing Digital &#8211; Diretor da E-Dialog, Renan Caixeiro"}]},{"@type":"WebSite","@id":"https:\/\/www.edialog.com.br\/#website","url":"https:\/\/www.edialog.com.br\/","name":"Agencia de marketing entrante | E-Dialog","description":"Ag\u00eancia de Inbound Marketing premiada com solu\u00e7\u00f5es completas para o seu neg\u00f3cio. Atraia leads, com conte\u00fados \u00fanicos e envolventes. Solicite or\u00e7amento!","publisher":{"@id":"https:\/\/www.edialog.com.br\/#organization"},"potentialAction":[{"@type":"SearchAction","target":{"@type":"EntryPoint","urlTemplate":"https:\/\/www.edialog.com.br\/?s={search_term_string}"},"query-input":{"@type":"PropertyValueSpecification","valueRequired":true,"valueName":"search_term_string"}}],"inLanguage":"es"},{"@type":"Organization","@id":"https:\/\/www.edialog.com.br\/#organization","name":"Ag\u00eancia de M\u00eddias Sociais e Marketing Digital | E-Dialog","url":"https:\/\/www.edialog.com.br\/","logo":{"@type":"ImageObject","inLanguage":"es","@id":"https:\/\/www.edialog.com.br\/#\/schema\/logo\/image\/","url":"https:\/\/www.edialog.com.br\/wp-content\/uploads\/2021\/09\/edialog-logo-case.png","contentUrl":"https:\/\/www.edialog.com.br\/wp-content\/uploads\/2021\/09\/edialog-logo-case.png","width":810,"height":450,"caption":"Ag\u00eancia de M\u00eddias Sociais e Marketing Digital | E-Dialog"},"image":{"@id":"https:\/\/www.edialog.com.br\/#\/schema\/logo\/image\/"},"sameAs":["https:\/\/facebook.com\/edialogcomunicacao","https:\/\/x.com\/edialog_br","https:\/\/www.instagram.com\/edialog_br","https:\/\/www.linkedin.com\/company\/e-dialog-comunica-o-digital","https:\/\/www.youtube.com\/channel\/UCPiVQ_yVlcCqWS2sRzJZj7g"]}]}},"_links":{"self":[{"href":"https:\/\/www.edialog.com.br\/es\/wp-json\/wp\/v2\/pages\/26708","targetHints":{"allow":["GET"]}}],"collection":[{"href":"https:\/\/www.edialog.com.br\/es\/wp-json\/wp\/v2\/pages"}],"about":[{"href":"https:\/\/www.edialog.com.br\/es\/wp-json\/wp\/v2\/types\/page"}],"author":[{"embeddable":true,"href":"https:\/\/www.edialog.com.br\/es\/wp-json\/wp\/v2\/users\/1"}],"replies":[{"embeddable":true,"href":"https:\/\/www.edialog.com.br\/es\/wp-json\/wp\/v2\/comments?post=26708"}],"version-history":[{"count":0,"href":"https:\/\/www.edialog.com.br\/es\/wp-json\/wp\/v2\/pages\/26708\/revisions"}],"wp:attachment":[{"href":"https:\/\/www.edialog.com.br\/es\/wp-json\/wp\/v2\/media?parent=26708"}],"curies":[{"name":"wp","href":"https:\/\/api.w.org\/{rel}","templated":true}]}}