{"id":2,"date":"2010-02-25T12:14:00","date_gmt":"2010-02-25T12:14:00","guid":{"rendered":"https:\/\/www.edialog.com.br\/?page_id=2"},"modified":"2023-08-17T12:38:13","modified_gmt":"2023-08-17T15:38:13","slug":"quem-somos","status":"publish","type":"page","link":"https:\/\/www.edialog.com.br\/es\/quem-somos\/","title":{"rendered":"Quem Somos"},"content":{"rendered":"<div data-elementor-type=\"wp-page\" data-elementor-id=\"2\" class=\"elementor elementor-2\" data-elementor-post-type=\"page\">\n\t\t\t\t<div class=\"elementor-element elementor-element-640aedc e-flex e-con-boxed e-con e-parent\" data-id=\"640aedc\" data-element_type=\"container\" data-settings=\"{&quot;background_background&quot;:&quot;classic&quot;,&quot;_ha_eqh_enable&quot;:false}\">\n\t\t\t\t\t<div class=\"e-con-inner\">\n\t\t\t\t<div class=\"elementor-element elementor-element-67a42dd elementor-widget elementor-widget-heading\" data-id=\"67a42dd\" data-element_type=\"widget\" data-widget_type=\"heading.default\">\n\t\t\t\t<div class=\"elementor-widget-container\">\n\t\t\t\t\t<h1 class=\"elementor-heading-title elementor-size-default\">La era del di\u00e1logo<\/h1>\t\t\t\t<\/div>\n\t\t\t\t<\/div>\n\t\t\t\t<div class=\"elementor-element elementor-element-b1fa2f6 ha-has-bg-overlay elementor-widget elementor-widget-text-editor\" data-id=\"b1fa2f6\" data-element_type=\"widget\" data-widget_type=\"text-editor.default\">\n\t\t\t\t<div class=\"elementor-widget-container\">\n\t\t\t\t\t\t\t\t\t<p>\u00bfQui\u00e9nes somos?<\/p>\t\t\t\t\t\t\t\t<\/div>\n\t\t\t\t<\/div>\n\t\t\t\t<div class=\"elementor-element elementor-element-715eb14 elementor-hidden-tablet elementor-hidden-phone elementor-widget elementor-widget-spacer\" data-id=\"715eb14\" data-element_type=\"widget\" data-widget_type=\"spacer.default\">\n\t\t\t\t<div class=\"elementor-widget-container\">\n\t\t\t\t\t\t\t<div class=\"elementor-spacer\">\n\t\t\t<div class=\"elementor-spacer-inner\"><\/div>\n\t\t<\/div>\n\t\t\t\t\t\t<\/div>\n\t\t\t\t<\/div>\n\t\t\t\t\t<\/div>\n\t\t\t\t<\/div>\n\t\t<div class=\"elementor-element elementor-element-df9a277 e-flex e-con-boxed e-con e-parent\" data-id=\"df9a277\" data-element_type=\"container\" data-settings=\"{&quot;_ha_eqh_enable&quot;:false}\">\n\t\t\t\t\t<div class=\"e-con-inner\">\n\t\t\t\t<div class=\"elementor-element elementor-element-ad7546a elementor-widget elementor-widget-text-editor\" data-id=\"ad7546a\" data-element_type=\"widget\" data-widget_type=\"text-editor.default\">\n\t\t\t\t<div class=\"elementor-widget-container\">\n\t\t\t\t\t\t\t\t\t<p>A\u00a0<strong>Di\u00e1logo electr\u00f3nico<\/strong>\u00a0surgi\u00f3 en 2010 como presagio de los r\u00e1pidos cambios en la tecnolog\u00eda y las redes sociales. O\u00a0<strong><em>di\u00e1logo electr\u00f3nico<\/em><\/strong>Como su nombre indica, la Agencia se ha reinventado varias veces a lo largo de los a\u00f1os y, puede decirse, que se ha reinventado varias veces.\u00a0<strong>profesionalizado<\/strong>.<\/p><p>En 2010, Orkut todav\u00eda era m\u00e1s fuerte que Facebook en Brasil. Poco o nada se o\u00eda hablar de LinkedIn, Twitter ten\u00eda m\u00e1s \u00e9xito que hoy, Instagram era un reci\u00e9n nacido y Google+ ni siquiera exist\u00eda. Desde entonces, Orkut se ha quedado en el camino, LinkedIn se ha convertido en una red social m\u00e1s relevante en el entorno corporativo y Facebook se ha desarrollado de tal manera que hoy es una de las principales plataformas (o la principal) de redes sociales.\u00a0<strong>marketing digital<\/strong>junto a Google.<\/p><p>Con la posibilidad de convertir las redes sociales e Internet en un gran\u00a0<strong>exterior<\/strong>\u00a0La ayuda profesional es esencial para comunicarse con los clientes: el di\u00e1logo.<\/p><p>El di\u00e1logo comienza cuando el cliente no se limita a ver el cartel. Puede gustarle, registrar sus impresiones, compartirlo... \u00e9l, el cliente, funciona como un\u00a0<strong>meg\u00e1fono<\/strong>, a\u00a0<strong>amplificador<\/strong>\u00a0de lo que la marca tiene que decir. Deja de ser\u00a0<strong>ventilador<\/strong>\u00a0y se convierte en\u00a0<strong>embajador<\/strong>.<\/p><p><strong>Especialidades<\/strong><\/p><p>E-Dialog trabaja para garantizar la pertinencia y generar\u00a0<strong>resultados<\/strong>\u00a0para peque\u00f1as y medianas empresas. Nuestras especialidades son la gesti\u00f3n de redes sociales y el marketing digital, la publicidad online y la consultor\u00eda de comercio electr\u00f3nico.\u00a0<strong>Hable con nuestros asesores sobre soluciones para su empresa.<\/strong><\/p>\t\t\t\t\t\t\t\t<\/div>\n\t\t\t\t<\/div>\n\t\t\t\t\t<\/div>\n\t\t\t\t<\/div>\n\t\t<div class=\"elementor-element elementor-element-9f25572 e-flex e-con-boxed e-con e-parent\" data-id=\"9f25572\" data-element_type=\"container\" data-settings=\"{&quot;background_background&quot;:&quot;classic&quot;,&quot;_ha_eqh_enable&quot;:false}\">\n\t\t\t\t\t<div class=\"e-con-inner\">\n\t\t\t\t<div class=\"elementor-element elementor-element-c24f0aa elementor-widget elementor-widget-text-editor\" data-id=\"c24f0aa\" data-element_type=\"widget\" data-widget_type=\"text-editor.default\">\n\t\t\t\t<div class=\"elementor-widget-container\">\n\t\t\t\t\t\t\t\t\t<div class=\"et_pb_row et_pb_row_0 et_pb_equal_columns et_pb_gutters2\"><div class=\"et_pb_column et_pb_column_4_4 et_pb_column_0  et_pb_css_mix_blend_mode_passthrough et-last-child\"><div class=\"et_pb_module et_pb_text et_pb_text_0  et_pb_text_align_left et_pb_bg_layout_light\"><div class=\"et_pb_text_inner\"><p>Di\u00e1logo electr\u00f3nico en\u00a0<a href=\"https:\/\/www.edialog.com.br\/es\/empresarial\/e-dialog-na-tv-globo-em-juiz-de-fora\/\">TV Globo<\/a><\/p><\/div><\/div><\/div><\/div>\t\t\t\t\t\t\t\t<\/div>\n\t\t\t\t<\/div>\n\t\t\t\t<div class=\"elementor-element elementor-element-2b5874e elementor-widget elementor-widget-video\" data-id=\"2b5874e\" data-element_type=\"widget\" data-settings=\"{&quot;youtube_url&quot;:&quot;https:\\\/\\\/www.youtube.com\\\/watch?v=413B-Estc4k&quot;,&quot;video_type&quot;:&quot;youtube&quot;,&quot;controls&quot;:&quot;yes&quot;}\" data-widget_type=\"video.default\">\n\t\t\t\t<div class=\"elementor-widget-container\">\n\t\t\t\t\t\t\t<div class=\"elementor-wrapper elementor-open-inline\">\n\t\t\t<div class=\"elementor-video\"><\/div>\t\t<\/div>\n\t\t\t\t\t\t<\/div>\n\t\t\t\t<\/div>\n\t\t\t\t\t<\/div>\n\t\t\t\t<\/div>\n\t\t\t\t<\/div>","protected":false},"excerpt":{"rendered":"<p>A era do di\u00e1logo Quem somos A\u00a0E-Dialog\u00a0surgiu em 2010 como um press\u00e1gio das aceleradas mudan\u00e7as no meio tecnol\u00f3gico e das redes sociais. O\u00a0di\u00e1logo eletr\u00f4nico, como o nome da ag\u00eancia sugere, se reinventou diversas vezes ao longo desses anos e, \u00e9 poss\u00edvel dizer, se\u00a0profissionalizou. Em 2010, o Orkut ainda era mais forte que o Facebook no [&hellip;]<\/p>\n","protected":false},"author":1,"featured_media":3878,"parent":0,"menu_order":1,"comment_status":"closed","ping_status":"open","template":"","meta":{"_acf_changed":false,"content-type":"","footnotes":""},"class_list":["post-2","page","type-page","status-publish","has-post-thumbnail","hentry"],"acf":[],"yoast_head":"<!-- This site is optimized with the Yoast SEO Premium plugin v27.5 (Yoast SEO v27.5) - https:\/\/yoast.com\/product\/yoast-seo-premium-wordpress\/ -->\n<title>Quem Somos | E-Dialog<\/title>\n<meta name=\"description\" content=\"A era do di\u00e1logo Quem somos A\u00a0E-Dialog\u00a0surgiu em 2010 como um press\u00e1gio das aceleradas mudan\u00e7as no meio tecnol\u00f3gico e das redes sociais. O\u00a0di\u00e1logo\" \/>\n<meta name=\"robots\" content=\"index, follow, max-snippet:-1, max-image-preview:large, max-video-preview:-1\" \/>\n<link rel=\"canonical\" href=\"https:\/\/www.edialog.com.br\/es\/quem-somos\/\" \/>\n<meta property=\"og:locale\" content=\"es_ES\" \/>\n<meta property=\"og:type\" content=\"article\" \/>\n<meta property=\"og:title\" content=\"Quem Somos\" \/>\n<meta property=\"og:description\" content=\"A era do di\u00e1logo Quem somos A\u00a0E-Dialog\u00a0surgiu em 2010 como um press\u00e1gio das aceleradas mudan\u00e7as no meio tecnol\u00f3gico e das redes sociais. O\u00a0di\u00e1logo\" \/>\n<meta property=\"og:url\" content=\"https:\/\/www.edialog.com.br\/es\/quem-somos\/\" \/>\n<meta property=\"og:site_name\" content=\"Ag\u00eancia de Inbound Marketing | E-Dialog\" \/>\n<meta property=\"article:publisher\" content=\"https:\/\/facebook.com\/edialogcomunicacao\" \/>\n<meta property=\"article:modified_time\" content=\"2023-08-17T15:38:13+00:00\" \/>\n<meta property=\"og:image\" content=\"https:\/\/www.edialog.com.br\/wp-content\/uploads\/2010\/02\/quem-somos.jpg\" \/>\n\t<meta property=\"og:image:width\" content=\"231\" \/>\n\t<meta property=\"og:image:height\" content=\"116\" \/>\n\t<meta property=\"og:image:type\" content=\"image\/jpeg\" \/>\n<meta name=\"twitter:label1\" content=\"Tiempo de lectura\" \/>\n\t<meta name=\"twitter:data1\" content=\"2 minutos\" \/>\n<script type=\"application\/ld+json\" class=\"yoast-schema-graph\">{\"@context\":\"https:\\\/\\\/schema.org\",\"@graph\":[{\"@type\":\"WebPage\",\"@id\":\"https:\\\/\\\/www.edialog.com.br\\\/quem-somos\\\/\",\"url\":\"https:\\\/\\\/www.edialog.com.br\\\/quem-somos\\\/\",\"name\":\"Quem Somos | E-Dialog\",\"isPartOf\":{\"@id\":\"https:\\\/\\\/www.edialog.com.br\\\/#website\"},\"primaryImageOfPage\":{\"@id\":\"https:\\\/\\\/www.edialog.com.br\\\/quem-somos\\\/#primaryimage\"},\"image\":{\"@id\":\"https:\\\/\\\/www.edialog.com.br\\\/quem-somos\\\/#primaryimage\"},\"thumbnailUrl\":\"https:\\\/\\\/www.edialog.com.br\\\/wp-content\\\/uploads\\\/2010\\\/02\\\/quem-somos.jpg\",\"datePublished\":\"2010-02-25T12:14:00+00:00\",\"dateModified\":\"2023-08-17T15:38:13+00:00\",\"description\":\"A era do di\u00e1logo Quem somos A\u00a0E-Dialog\u00a0surgiu em 2010 como um press\u00e1gio das aceleradas mudan\u00e7as no meio tecnol\u00f3gico e das redes sociais. O\u00a0di\u00e1logo\",\"breadcrumb\":{\"@id\":\"https:\\\/\\\/www.edialog.com.br\\\/quem-somos\\\/#breadcrumb\"},\"inLanguage\":\"es\",\"potentialAction\":[{\"@type\":\"ReadAction\",\"target\":[\"https:\\\/\\\/www.edialog.com.br\\\/quem-somos\\\/\"]}]},{\"@type\":\"ImageObject\",\"inLanguage\":\"es\",\"@id\":\"https:\\\/\\\/www.edialog.com.br\\\/quem-somos\\\/#primaryimage\",\"url\":\"https:\\\/\\\/www.edialog.com.br\\\/wp-content\\\/uploads\\\/2010\\\/02\\\/quem-somos.jpg\",\"contentUrl\":\"https:\\\/\\\/www.edialog.com.br\\\/wp-content\\\/uploads\\\/2010\\\/02\\\/quem-somos.jpg\",\"width\":231,\"height\":116},{\"@type\":\"BreadcrumbList\",\"@id\":\"https:\\\/\\\/www.edialog.com.br\\\/quem-somos\\\/#breadcrumb\",\"itemListElement\":[{\"@type\":\"ListItem\",\"position\":1,\"name\":\"Home\",\"item\":\"https:\\\/\\\/www.edialog.com.br\\\/\"},{\"@type\":\"ListItem\",\"position\":2,\"name\":\"Quem Somos\"}]},{\"@type\":\"WebSite\",\"@id\":\"https:\\\/\\\/www.edialog.com.br\\\/#website\",\"url\":\"https:\\\/\\\/www.edialog.com.br\\\/\",\"name\":\"Ag\u00eancia de Inbound Marketing | E-Dialog\",\"description\":\"Ag\u00eancia de Inbound Marketing premiada com solu\u00e7\u00f5es completas para o seu neg\u00f3cio. Atraia leads, com conte\u00fados \u00fanicos e envolventes. Solicite or\u00e7amento!\",\"publisher\":{\"@id\":\"https:\\\/\\\/www.edialog.com.br\\\/#organization\"},\"potentialAction\":[{\"@type\":\"SearchAction\",\"target\":{\"@type\":\"EntryPoint\",\"urlTemplate\":\"https:\\\/\\\/www.edialog.com.br\\\/?s={search_term_string}\"},\"query-input\":{\"@type\":\"PropertyValueSpecification\",\"valueRequired\":true,\"valueName\":\"search_term_string\"}}],\"inLanguage\":\"es\"},{\"@type\":\"Organization\",\"@id\":\"https:\\\/\\\/www.edialog.com.br\\\/#organization\",\"name\":\"Ag\u00eancia de M\u00eddias Sociais e Marketing Digital | E-Dialog\",\"url\":\"https:\\\/\\\/www.edialog.com.br\\\/\",\"logo\":{\"@type\":\"ImageObject\",\"inLanguage\":\"es\",\"@id\":\"https:\\\/\\\/www.edialog.com.br\\\/#\\\/schema\\\/logo\\\/image\\\/\",\"url\":\"https:\\\/\\\/www.edialog.com.br\\\/wp-content\\\/uploads\\\/2021\\\/09\\\/edialog-logo-case.png\",\"contentUrl\":\"https:\\\/\\\/www.edialog.com.br\\\/wp-content\\\/uploads\\\/2021\\\/09\\\/edialog-logo-case.png\",\"width\":810,\"height\":450,\"caption\":\"Ag\u00eancia de M\u00eddias Sociais e Marketing Digital | E-Dialog\"},\"image\":{\"@id\":\"https:\\\/\\\/www.edialog.com.br\\\/#\\\/schema\\\/logo\\\/image\\\/\"},\"sameAs\":[\"https:\\\/\\\/facebook.com\\\/edialogcomunicacao\",\"https:\\\/\\\/x.com\\\/edialog_br\",\"https:\\\/\\\/www.instagram.com\\\/edialog_br\",\"https:\\\/\\\/www.linkedin.com\\\/company\\\/e-dialog-comunica-o-digital\",\"https:\\\/\\\/www.youtube.com\\\/channel\\\/UCPiVQ_yVlcCqWS2sRzJZj7g\"]}]}<\/script>\n<!-- \/ Yoast SEO Premium plugin. -->","yoast_head_json":{"title":"Quem Somos | E-Dialog","description":"A era do di\u00e1logo Quem somos A\u00a0E-Dialog\u00a0surgiu em 2010 como um press\u00e1gio das aceleradas mudan\u00e7as no meio tecnol\u00f3gico e das redes sociais. O\u00a0di\u00e1logo","robots":{"index":"index","follow":"follow","max-snippet":"max-snippet:-1","max-image-preview":"max-image-preview:large","max-video-preview":"max-video-preview:-1"},"canonical":"https:\/\/www.edialog.com.br\/es\/quem-somos\/","og_locale":"es_ES","og_type":"article","og_title":"Quem Somos","og_description":"A era do di\u00e1logo Quem somos A\u00a0E-Dialog\u00a0surgiu em 2010 como um press\u00e1gio das aceleradas mudan\u00e7as no meio tecnol\u00f3gico e das redes sociais. O\u00a0di\u00e1logo","og_url":"https:\/\/www.edialog.com.br\/es\/quem-somos\/","og_site_name":"Ag\u00eancia de Inbound Marketing | E-Dialog","article_publisher":"https:\/\/facebook.com\/edialogcomunicacao","article_modified_time":"2023-08-17T15:38:13+00:00","og_image":[{"width":231,"height":116,"url":"https:\/\/www.edialog.com.br\/wp-content\/uploads\/2010\/02\/quem-somos.jpg","type":"image\/jpeg"}],"twitter_misc":{"Tiempo de lectura":"2 minutos"},"schema":{"@context":"https:\/\/schema.org","@graph":[{"@type":"WebPage","@id":"https:\/\/www.edialog.com.br\/quem-somos\/","url":"https:\/\/www.edialog.com.br\/quem-somos\/","name":"Quem Somos | E-Dialog","isPartOf":{"@id":"https:\/\/www.edialog.com.br\/#website"},"primaryImageOfPage":{"@id":"https:\/\/www.edialog.com.br\/quem-somos\/#primaryimage"},"image":{"@id":"https:\/\/www.edialog.com.br\/quem-somos\/#primaryimage"},"thumbnailUrl":"https:\/\/www.edialog.com.br\/wp-content\/uploads\/2010\/02\/quem-somos.jpg","datePublished":"2010-02-25T12:14:00+00:00","dateModified":"2023-08-17T15:38:13+00:00","description":"A era do di\u00e1logo Quem somos A\u00a0E-Dialog\u00a0surgiu em 2010 como um press\u00e1gio das aceleradas mudan\u00e7as no meio tecnol\u00f3gico e das redes sociais. O\u00a0di\u00e1logo","breadcrumb":{"@id":"https:\/\/www.edialog.com.br\/quem-somos\/#breadcrumb"},"inLanguage":"es","potentialAction":[{"@type":"ReadAction","target":["https:\/\/www.edialog.com.br\/quem-somos\/"]}]},{"@type":"ImageObject","inLanguage":"es","@id":"https:\/\/www.edialog.com.br\/quem-somos\/#primaryimage","url":"https:\/\/www.edialog.com.br\/wp-content\/uploads\/2010\/02\/quem-somos.jpg","contentUrl":"https:\/\/www.edialog.com.br\/wp-content\/uploads\/2010\/02\/quem-somos.jpg","width":231,"height":116},{"@type":"BreadcrumbList","@id":"https:\/\/www.edialog.com.br\/quem-somos\/#breadcrumb","itemListElement":[{"@type":"ListItem","position":1,"name":"Home","item":"https:\/\/www.edialog.com.br\/"},{"@type":"ListItem","position":2,"name":"Quem Somos"}]},{"@type":"WebSite","@id":"https:\/\/www.edialog.com.br\/#website","url":"https:\/\/www.edialog.com.br\/","name":"Agencia de marketing entrante | E-Dialog","description":"Ag\u00eancia de Inbound Marketing premiada com solu\u00e7\u00f5es completas para o seu neg\u00f3cio. Atraia leads, com conte\u00fados \u00fanicos e envolventes. Solicite or\u00e7amento!","publisher":{"@id":"https:\/\/www.edialog.com.br\/#organization"},"potentialAction":[{"@type":"SearchAction","target":{"@type":"EntryPoint","urlTemplate":"https:\/\/www.edialog.com.br\/?s={search_term_string}"},"query-input":{"@type":"PropertyValueSpecification","valueRequired":true,"valueName":"search_term_string"}}],"inLanguage":"es"},{"@type":"Organization","@id":"https:\/\/www.edialog.com.br\/#organization","name":"Ag\u00eancia de M\u00eddias Sociais e Marketing Digital | E-Dialog","url":"https:\/\/www.edialog.com.br\/","logo":{"@type":"ImageObject","inLanguage":"es","@id":"https:\/\/www.edialog.com.br\/#\/schema\/logo\/image\/","url":"https:\/\/www.edialog.com.br\/wp-content\/uploads\/2021\/09\/edialog-logo-case.png","contentUrl":"https:\/\/www.edialog.com.br\/wp-content\/uploads\/2021\/09\/edialog-logo-case.png","width":810,"height":450,"caption":"Ag\u00eancia de M\u00eddias Sociais e Marketing Digital | E-Dialog"},"image":{"@id":"https:\/\/www.edialog.com.br\/#\/schema\/logo\/image\/"},"sameAs":["https:\/\/facebook.com\/edialogcomunicacao","https:\/\/x.com\/edialog_br","https:\/\/www.instagram.com\/edialog_br","https:\/\/www.linkedin.com\/company\/e-dialog-comunica-o-digital","https:\/\/www.youtube.com\/channel\/UCPiVQ_yVlcCqWS2sRzJZj7g"]}]}},"_links":{"self":[{"href":"https:\/\/www.edialog.com.br\/es\/wp-json\/wp\/v2\/pages\/2","targetHints":{"allow":["GET"]}}],"collection":[{"href":"https:\/\/www.edialog.com.br\/es\/wp-json\/wp\/v2\/pages"}],"about":[{"href":"https:\/\/www.edialog.com.br\/es\/wp-json\/wp\/v2\/types\/page"}],"author":[{"embeddable":true,"href":"https:\/\/www.edialog.com.br\/es\/wp-json\/wp\/v2\/users\/1"}],"replies":[{"embeddable":true,"href":"https:\/\/www.edialog.com.br\/es\/wp-json\/wp\/v2\/comments?post=2"}],"version-history":[{"count":0,"href":"https:\/\/www.edialog.com.br\/es\/wp-json\/wp\/v2\/pages\/2\/revisions"}],"wp:featuredmedia":[{"embeddable":true,"href":"https:\/\/www.edialog.com.br\/es\/wp-json\/wp\/v2\/media\/3878"}],"wp:attachment":[{"href":"https:\/\/www.edialog.com.br\/es\/wp-json\/wp\/v2\/media?parent=2"}],"curies":[{"name":"wp","href":"https:\/\/api.w.org\/{rel}","templated":true}]}}